{"id":2293,"date":"2017-02-03T10:33:53","date_gmt":"2017-02-03T09:33:53","guid":{"rendered":"http:\/\/www.city-magazin.at\/?page_id=2293"},"modified":"2023-10-05T13:40:38","modified_gmt":"2023-10-05T11:40:38","slug":"stories_2","status":"publish","type":"page","link":"https:\/\/www.city-magazin.at\/index.php\/stories_2\/","title":{"rendered":"Stories"},"content":{"rendered":"<div class=\"fusion-fullwidth fullwidth-box nonhundred-percent-fullwidth non-hundred-percent-height-scrolling\"  style='background-color: rgba(255,255,255,0);background-position: center center;background-repeat: no-repeat;padding-top:20px;padding-right:0px;padding-bottom:20px;padding-left:0px;'><div class=\"fusion-builder-row fusion-row \"><div  class=\"fusion-layout-column fusion_builder_column fusion_builder_column_1_1  fusion-one-full fusion-column-first fusion-column-last 1_1\"  style='margin-top:0px;margin-bottom:20px;'>\n\t\t\t\t\t<div class=\"fusion-column-wrapper\" style=\"padding: 0px 0px 0px 0px;background-position:left top;background-repeat:no-repeat;-webkit-background-size:cover;-moz-background-size:cover;-o-background-size:cover;background-size:cover;\"  data-bg-url=\"\">\n\t\t\t\t\t\t<div class=\"fusion-title title fusion-sep-none fusion-title-size-one\" style=\"margin-top:0px;margin-bottom:31px;\"><h1 class=\"title-heading-left\"><h1>Aktuelle\u00a0<span style=\"color: #e20714;\">Stories<\/span><\/h1><\/h1><\/div><div class=\"fusion-blog-shortcode fusion-blog-shortcode-1 fusion-blog-archive fusion-blog-layout-grid-wrapper fusion-blog-no\"><style type=\"text\/css\">.fusion-blog-shortcode-1 .fusion-blog-layout-grid .fusion-post-grid{padding:20px;}.fusion-blog-shortcode-1 .fusion-posts-container{margin-left: -20px !important; margin-right:-20px !important;}<\/style><div class=\"fusion-posts-container fusion-posts-container-no fusion-no-meta-info fusion-blog-rollover fusion-blog-layout-grid fusion-blog-layout-grid-3 isotope\" data-pages=\"3\" data-grid-col-space=\"40\" style=\"margin: -20px -20px 0;min-height:500px;\"><article id=\"blog-1-post-7463\" class=\"fusion-post-grid post-7463 post type-post status-publish format-standard has-post-thumbnail hentry category-aktuell category-allgemein\">\n<div class=\"fusion-post-wrapper\" style=\"background-color:rgba(255,255,255,0);border:1px solid #ebeaea;border-bottom-width:3px;\">\n\n\t\t\t<div class=\"fusion-flexslider flexslider fusion-flexslider-loading fusion-post-slideshow\" style=\"border-color:#ebeaea;\">\n\t\t<ul class=\"slides\">\n\t\t\t\n\t\t\t\t\t\t\t\t\t\t\t\t\t\t<li>\n\n<div  class=\"fusion-image-wrapper\" aria-haspopup=\"true\">\n\t\n\t\n\t\t\n\t\t\t\t\t<img loading=\"lazy\" decoding=\"async\" width=\"818\" height=\"550\" src=\"https:\/\/i0.wp.com\/www.city-magazin.at\/wp-content\/uploads\/2026\/03\/2026-04-Rogl.png?fit=818%2C550&ssl=1\" class=\"attachment-full size-full wp-post-image\" alt=\"\" srcset=\"https:\/\/i0.wp.com\/www.city-magazin.at\/wp-content\/uploads\/2026\/03\/2026-04-Rogl.png?resize=200%2C134&amp;ssl=1 200w, https:\/\/i0.wp.com\/www.city-magazin.at\/wp-content\/uploads\/2026\/03\/2026-04-Rogl.png?resize=300%2C202&amp;ssl=1 300w, https:\/\/i0.wp.com\/www.city-magazin.at\/wp-content\/uploads\/2026\/03\/2026-04-Rogl.png?resize=400%2C269&amp;ssl=1 400w, https:\/\/i0.wp.com\/www.city-magazin.at\/wp-content\/uploads\/2026\/03\/2026-04-Rogl.png?resize=600%2C403&amp;ssl=1 600w, https:\/\/i0.wp.com\/www.city-magazin.at\/wp-content\/uploads\/2026\/03\/2026-04-Rogl.png?resize=768%2C516&amp;ssl=1 768w, https:\/\/i0.wp.com\/www.city-magazin.at\/wp-content\/uploads\/2026\/03\/2026-04-Rogl.png?resize=800%2C538&amp;ssl=1 800w, https:\/\/i0.wp.com\/www.city-magazin.at\/wp-content\/uploads\/2026\/03\/2026-04-Rogl.png?fit=818%2C550&amp;ssl=1 818w\" sizes=\"auto, (min-width: 2200px) 100vw, (min-width: 784px) 373px, (min-width: 712px) 560px, (min-width: 640px) 712px, \" \/>\n\t\n\n\t\t<div class=\"fusion-rollover\">\n\t<div class=\"fusion-rollover-content\">\n\n\t\t\t\t\t\t\t\t\t\t\t\t\t\t<a class=\"fusion-rollover-link\" href=\"https:\/\/www.city-magazin.at\/index.php\/witzany-trifft-helmut-rogl\/\">Witzany trifft Helmut Rogl<\/a>\n\t\t\t\n\t\t\t\t\t\t\t\t\t\t\t\t\t\t\n\t\t\t\t\t\t\t\t\n\t\t\t\t\t\t\t\t\t\t\t\t\t<div class=\"fusion-rollover-sep\"><\/div>\n\t\t\t\t\n\t\t\t\t\t\t\t\t\t\t\t\t\t\t\t\t\t\t<a class=\"fusion-rollover-gallery\" href=\"https:\/\/i0.wp.com\/www.city-magazin.at\/wp-content\/uploads\/2026\/03\/2026-04-Rogl.png?fit=818%2C550&ssl=1\" data-id=\"7463\" data-rel=\"iLightbox[gallery]\" data-title=\"2026-04-Rogl\" data-caption=\"\">\n\t\t\t\t\t\tGallery\t\t\t\t\t<\/a>\n\t\t\t\t\t\t\t\t\t\t\t\t\t\t\n\t\t\t\t\n\t\t\t\t\t\t\t\t\t\t\t\t<h4 class=\"fusion-rollover-title\">\n\t\t\t\t\t<a href=\"https:\/\/www.city-magazin.at\/index.php\/witzany-trifft-helmut-rogl\/\">\n\t\t\t\t\t\tWitzany trifft Helmut Rogl\t\t\t\t\t<\/a>\n\t\t\t\t<\/h4>\n\t\t\t\n\t\t\t\t\t\t\t\t\t\t\t\t\t\t<div class=\"fusion-rollover-categories\"><a href=\"https:\/\/www.city-magazin.at\/index.php\/category\/aktuell\/\" rel=\"tag\">Aktuell<\/a>, <a href=\"https:\/\/www.city-magazin.at\/index.php\/category\/allgemein\/\" rel=\"tag\">Allgemein<\/a><\/div>\t\t\t\t\t\n\t\t\n\t\t\t\t<a class=\"fusion-link-wrapper\" href=\"https:\/\/www.city-magazin.at\/index.php\/witzany-trifft-helmut-rogl\/\" aria-label=\"Witzany trifft Helmut Rogl\"><\/a>\n\t<\/div>\n<\/div>\n\n\t\n<\/div>\n<\/li>\n\t\t\t\n\t\t\t\n\t\t\t\t\t\t\t\t\t\t\t\t\t\t\t\t\t\t\t\t\t\t\t\t\t\t\t\t\t\t\t\t\t\t\t\t\t\t\t\t\t\t\t\t\t\t\t\t\t\t\t\t\t\t\t\t\t\t\t\t\t\t\t\t\t\t\t\t<\/ul>\n\t<\/div>\n\t<div class=\"fusion-post-content-wrapper\" style=\"padding:30px 25px 20px 25px;\"><div class=\"fusion-post-content post-content\"><h2 class=\"blog-shortcode-post-title entry-title\"><a href=\"https:\/\/www.city-magazin.at\/index.php\/witzany-trifft-helmut-rogl\/\">Witzany trifft Helmut Rogl<\/a><\/h2><div class=\"fusion-post-content-container\"><p><p>    Ein Leben als Komposition\u00a0  Werke des Linzers Helmut Rogl werden von renommierten Orchestern aufgef\u00fchrt.   Prof. Helmut Rogl (66) ist Komponist und Pianist und war bis 2022 \u00fcber viele Jahre hinweg Marketingleiter der Ober\u00f6sterreichischen Versicherung. Seine Kompositionen begeisterten u.a. im Wiener Konzerthaus, im Brucknerhaus Linz sowie international in Washington, Rom, Mailand und London. <\/p>\n<\/p><\/div><\/div><\/div><div class=\"fusion-clearfix\"><\/div><\/div>\n<\/article>\n<article id=\"blog-1-post-7449\" class=\"fusion-post-grid post-7449 post type-post status-publish format-standard has-post-thumbnail hentry category-aktuell category-allgemein\">\n<div class=\"fusion-post-wrapper\" style=\"background-color:rgba(255,255,255,0);border:1px solid #ebeaea;border-bottom-width:3px;\">\n\n\t\t\t<div class=\"fusion-flexslider flexslider fusion-flexslider-loading fusion-post-slideshow\" style=\"border-color:#ebeaea;\">\n\t\t<ul class=\"slides\">\n\t\t\t\n\t\t\t\t\t\t\t\t\t\t\t\t\t\t<li>\n\n<div  class=\"fusion-image-wrapper\" aria-haspopup=\"true\">\n\t\n\t\n\t\t\n\t\t\t\t\t<img loading=\"lazy\" decoding=\"async\" width=\"1206\" height=\"700\" src=\"https:\/\/i0.wp.com\/www.city-magazin.at\/wp-content\/uploads\/2026\/03\/2026-04-Blister-1.png?fit=1206%2C700&ssl=1\" class=\"attachment-full size-full wp-post-image\" alt=\"Welser Firma verblistert Medikamente\" srcset=\"https:\/\/i0.wp.com\/www.city-magazin.at\/wp-content\/uploads\/2026\/03\/2026-04-Blister-1.png?resize=200%2C116&amp;ssl=1 200w, https:\/\/i0.wp.com\/www.city-magazin.at\/wp-content\/uploads\/2026\/03\/2026-04-Blister-1.png?resize=300%2C174&amp;ssl=1 300w, https:\/\/i0.wp.com\/www.city-magazin.at\/wp-content\/uploads\/2026\/03\/2026-04-Blister-1.png?resize=400%2C232&amp;ssl=1 400w, https:\/\/i0.wp.com\/www.city-magazin.at\/wp-content\/uploads\/2026\/03\/2026-04-Blister-1.png?resize=600%2C348&amp;ssl=1 600w, https:\/\/i0.wp.com\/www.city-magazin.at\/wp-content\/uploads\/2026\/03\/2026-04-Blister-1.png?resize=768%2C446&amp;ssl=1 768w, https:\/\/i0.wp.com\/www.city-magazin.at\/wp-content\/uploads\/2026\/03\/2026-04-Blister-1.png?resize=800%2C464&amp;ssl=1 800w, https:\/\/i0.wp.com\/www.city-magazin.at\/wp-content\/uploads\/2026\/03\/2026-04-Blister-1.png?resize=1024%2C594&amp;ssl=1 1024w, https:\/\/i0.wp.com\/www.city-magazin.at\/wp-content\/uploads\/2026\/03\/2026-04-Blister-1.png?resize=1200%2C697&amp;ssl=1 1200w, https:\/\/i0.wp.com\/www.city-magazin.at\/wp-content\/uploads\/2026\/03\/2026-04-Blister-1.png?fit=1206%2C700&amp;ssl=1 1206w\" sizes=\"auto, (min-width: 2200px) 100vw, (min-width: 784px) 373px, (min-width: 712px) 560px, (min-width: 640px) 712px, \" \/>\n\t\n\n\t\t<div class=\"fusion-rollover\">\n\t<div class=\"fusion-rollover-content\">\n\n\t\t\t\t\t\t\t\t\t\t\t\t\t\t<a class=\"fusion-rollover-link\" href=\"https:\/\/www.city-magazin.at\/index.php\/medikamentenverblisterung\/\">Medikamentenverblisterung<\/a>\n\t\t\t\n\t\t\t\t\t\t\t\t\t\t\t\t\t\t\n\t\t\t\t\t\t\t\t\n\t\t\t\t\t\t\t\t\t\t\t\t\t<div class=\"fusion-rollover-sep\"><\/div>\n\t\t\t\t\n\t\t\t\t\t\t\t\t\t\t\t\t\t\t\t\t\t\t<a class=\"fusion-rollover-gallery\" href=\"https:\/\/i0.wp.com\/www.city-magazin.at\/wp-content\/uploads\/2026\/03\/2026-04-Blister-1.png?fit=1206%2C700&ssl=1\" data-id=\"7449\" data-rel=\"iLightbox[gallery]\" data-title=\"2026-04-Blister-1\" data-caption=\"Welser Firma verblistert Medikamente\">\n\t\t\t\t\t\tGallery\t\t\t\t\t<\/a>\n\t\t\t\t\t\t\t\t\t\t\t\t\t\t\n\t\t\t\t\n\t\t\t\t\t\t\t\t\t\t\t\t<h4 class=\"fusion-rollover-title\">\n\t\t\t\t\t<a href=\"https:\/\/www.city-magazin.at\/index.php\/medikamentenverblisterung\/\">\n\t\t\t\t\t\tMedikamentenverblisterung\t\t\t\t\t<\/a>\n\t\t\t\t<\/h4>\n\t\t\t\n\t\t\t\t\t\t\t\t\t\t\t\t\t\t<div class=\"fusion-rollover-categories\"><a href=\"https:\/\/www.city-magazin.at\/index.php\/category\/aktuell\/\" rel=\"tag\">Aktuell<\/a>, <a href=\"https:\/\/www.city-magazin.at\/index.php\/category\/allgemein\/\" rel=\"tag\">Allgemein<\/a><\/div>\t\t\t\t\t\n\t\t\n\t\t\t\t<a class=\"fusion-link-wrapper\" href=\"https:\/\/www.city-magazin.at\/index.php\/medikamentenverblisterung\/\" aria-label=\"Medikamentenverblisterung\"><\/a>\n\t<\/div>\n<\/div>\n\n\t\n<\/div>\n<\/li>\n\t\t\t\n\t\t\t\n\t\t\t\t\t\t\t\t\t\t\t\t\t\t\t\t\t\t\t\t\t\t\t\t\t\t\t\t\t\t\t\t\t\t\t\t\t\t\t\t\t\t\t\t\t\t\t\t\t\t\t\t\t\t\t\t\t\t\t\t\t\t\t\t\t\t\t\t<\/ul>\n\t<\/div>\n\t<div class=\"fusion-post-content-wrapper\" style=\"padding:30px 25px 20px 25px;\"><div class=\"fusion-post-content post-content\"><h2 class=\"blog-shortcode-post-title entry-title\"><a href=\"https:\/\/www.city-magazin.at\/index.php\/medikamentenverblisterung\/\">Medikamentenverblisterung<\/a><\/h2><div class=\"fusion-post-content-container\"><p><p>    Mehr Zeit f\u00fcr die Pflege\u00a0  Eine Welser Firma verblistert Medikamente \u2013 das spart Zeit und gibt Sicherheit.   Viele \u00e4ltere und pflegebed\u00fcrftige Menschen nehmen t\u00e4glich eine gro\u00dfe Anzahl an Medikamenten ein \u2013 oft bis zu 15 verschiedene Pr\u00e4parate pro Tag. <\/p>\n<\/p><\/div><\/div><\/div><div class=\"fusion-clearfix\"><\/div><\/div>\n<\/article>\n<article id=\"blog-1-post-7385\" class=\"fusion-post-grid post-7385 post type-post status-publish format-standard has-post-thumbnail hentry category-aktuell category-allgemein category-zeitgeschichte\">\n<div class=\"fusion-post-wrapper\" style=\"background-color:rgba(255,255,255,0);border:1px solid #ebeaea;border-bottom-width:3px;\">\n\n\t\t\t<div class=\"fusion-flexslider flexslider fusion-flexslider-loading fusion-post-slideshow\" style=\"border-color:#ebeaea;\">\n\t\t<ul class=\"slides\">\n\t\t\t\n\t\t\t\t\t\t\t\t\t\t\t\t\t\t<li>\n\n<div  class=\"fusion-image-wrapper\" aria-haspopup=\"true\">\n\t\n\t\n\t\t\n\t\t\t\t\t<img loading=\"lazy\" decoding=\"async\" width=\"1722\" height=\"700\" src=\"https:\/\/i0.wp.com\/www.city-magazin.at\/wp-content\/uploads\/2026\/02\/2026-03-Zahnmuseum-1.png?fit=1722%2C700&ssl=1\" class=\"attachment-full size-full wp-post-image\" alt=\"SEHENSWERT. Auf rund 260 Quadratmetern finden sich mehr als 1000 Exponate aus \u00fcber drei Jahrhunderten.\" srcset=\"https:\/\/i0.wp.com\/www.city-magazin.at\/wp-content\/uploads\/2026\/02\/2026-03-Zahnmuseum-1.png?resize=200%2C81&amp;ssl=1 200w, https:\/\/i0.wp.com\/www.city-magazin.at\/wp-content\/uploads\/2026\/02\/2026-03-Zahnmuseum-1.png?resize=300%2C122&amp;ssl=1 300w, https:\/\/i0.wp.com\/www.city-magazin.at\/wp-content\/uploads\/2026\/02\/2026-03-Zahnmuseum-1.png?resize=400%2C163&amp;ssl=1 400w, https:\/\/i0.wp.com\/www.city-magazin.at\/wp-content\/uploads\/2026\/02\/2026-03-Zahnmuseum-1.png?resize=600%2C244&amp;ssl=1 600w, https:\/\/i0.wp.com\/www.city-magazin.at\/wp-content\/uploads\/2026\/02\/2026-03-Zahnmuseum-1.png?resize=669%2C272&amp;ssl=1 669w, https:\/\/i0.wp.com\/www.city-magazin.at\/wp-content\/uploads\/2026\/02\/2026-03-Zahnmuseum-1.png?resize=768%2C312&amp;ssl=1 768w, https:\/\/i0.wp.com\/www.city-magazin.at\/wp-content\/uploads\/2026\/02\/2026-03-Zahnmuseum-1.png?resize=800%2C325&amp;ssl=1 800w, https:\/\/i0.wp.com\/www.city-magazin.at\/wp-content\/uploads\/2026\/02\/2026-03-Zahnmuseum-1.png?resize=1024%2C416&amp;ssl=1 1024w, https:\/\/i0.wp.com\/www.city-magazin.at\/wp-content\/uploads\/2026\/02\/2026-03-Zahnmuseum-1.png?resize=1200%2C488&amp;ssl=1 1200w, https:\/\/i0.wp.com\/www.city-magazin.at\/wp-content\/uploads\/2026\/02\/2026-03-Zahnmuseum-1.png?resize=1536%2C624&amp;ssl=1 1536w, https:\/\/i0.wp.com\/www.city-magazin.at\/wp-content\/uploads\/2026\/02\/2026-03-Zahnmuseum-1.png?fit=1722%2C700&amp;ssl=1 1722w\" sizes=\"auto, (min-width: 2200px) 100vw, (min-width: 784px) 373px, (min-width: 712px) 560px, (min-width: 640px) 712px, \" \/>\n\t\n\n\t\t<div class=\"fusion-rollover\">\n\t<div class=\"fusion-rollover-content\">\n\n\t\t\t\t\t\t\t\t\t\t\t\t\t\t<a class=\"fusion-rollover-link\" href=\"https:\/\/www.city-magazin.at\/index.php\/mit-biss-durch-die-jahrhunderte\/\">Mit Biss durch die Jahrhunderte<\/a>\n\t\t\t\n\t\t\t\t\t\t\t\t\t\t\t\t\t\t\n\t\t\t\t\t\t\t\t\n\t\t\t\t\t\t\t\t\t\t\t\t\t<div class=\"fusion-rollover-sep\"><\/div>\n\t\t\t\t\n\t\t\t\t\t\t\t\t\t\t\t\t\t\t\t\t\t\t<a class=\"fusion-rollover-gallery\" href=\"https:\/\/i0.wp.com\/www.city-magazin.at\/wp-content\/uploads\/2026\/02\/2026-03-Zahnmuseum-1.png?fit=1722%2C700&ssl=1\" data-id=\"7385\" data-rel=\"iLightbox[gallery]\" data-title=\"2026-03-Zahnmuseum-1\" data-caption=\"SEHENSWERT.\nAuf rund 260 Quadratmetern\nfinden sich mehr als 1000 Exponate\naus \u00fcber drei Jahrhunderten.\">\n\t\t\t\t\t\tGallery\t\t\t\t\t<\/a>\n\t\t\t\t\t\t\t\t\t\t\t\t\t\t\n\t\t\t\t\n\t\t\t\t\t\t\t\t\t\t\t\t<h4 class=\"fusion-rollover-title\">\n\t\t\t\t\t<a href=\"https:\/\/www.city-magazin.at\/index.php\/mit-biss-durch-die-jahrhunderte\/\">\n\t\t\t\t\t\tMit Biss durch die Jahrhunderte\t\t\t\t\t<\/a>\n\t\t\t\t<\/h4>\n\t\t\t\n\t\t\t\t\t\t\t\t\t\t\t\t\t\t<div class=\"fusion-rollover-categories\"><a href=\"https:\/\/www.city-magazin.at\/index.php\/category\/aktuell\/\" rel=\"tag\">Aktuell<\/a>, <a href=\"https:\/\/www.city-magazin.at\/index.php\/category\/allgemein\/\" rel=\"tag\">Allgemein<\/a>, <a href=\"https:\/\/www.city-magazin.at\/index.php\/category\/zeitgeschichte\/\" rel=\"tag\">Zeitgeschichte<\/a><\/div>\t\t\t\t\t\n\t\t\n\t\t\t\t<a class=\"fusion-link-wrapper\" href=\"https:\/\/www.city-magazin.at\/index.php\/mit-biss-durch-die-jahrhunderte\/\" aria-label=\"Mit Biss durch die Jahrhunderte\"><\/a>\n\t<\/div>\n<\/div>\n\n\t\n<\/div>\n<\/li>\n\t\t\t\n\t\t\t\n\t\t\t\t\t\t\t\t\t\t\t\t\t\t\t\t\t\t\t\t\t\t\t\t\t\t\t\t\t\t\t\t\t\t\t\t\t\t\t\t\t\t\t\t\t\t\t\t\t\t\t\t\t\t\t\t\t\t\t\t\t\t\t\t\t\t\t\t<\/ul>\n\t<\/div>\n\t<div class=\"fusion-post-content-wrapper\" style=\"padding:30px 25px 20px 25px;\"><div class=\"fusion-post-content post-content\"><h2 class=\"blog-shortcode-post-title entry-title\"><a href=\"https:\/\/www.city-magazin.at\/index.php\/mit-biss-durch-die-jahrhunderte\/\">Mit Biss durch die Jahrhunderte<\/a><\/h2><div class=\"fusion-post-content-container\"><p><p>    Mit Biss durch Jahrhunderte  Nach einem Umbau pr\u00e4sentiert sich das Zahnmuseum Linz in neuem Glanz.   Nach einem umfassenden Umbau pr\u00e4sentiert sich das Zahnmuseum Linz seit Oktober in neuem Glanz. \u00d6sterreichs einziges Museum f\u00fcr die Geschichte der Zahnheilkunde und Zahntechnik im Alten Rathaus am Hauptplatz bietet auf rund 260 Quadratmetern mehr als 1000 Exponate aus \u00fcber drei Jahrhunderten. <\/p>\n<\/p><\/div><\/div><\/div><div class=\"fusion-clearfix\"><\/div><\/div>\n<\/article>\n<article id=\"blog-1-post-7380\" class=\"fusion-post-grid post-7380 post type-post status-publish format-standard has-post-thumbnail hentry category-aktuell category-allgemein\">\n<div class=\"fusion-post-wrapper\" style=\"background-color:rgba(255,255,255,0);border:1px solid #ebeaea;border-bottom-width:3px;\">\n\n\t\t\t<div class=\"fusion-flexslider flexslider fusion-flexslider-loading fusion-post-slideshow\" style=\"border-color:#ebeaea;\">\n\t\t<ul class=\"slides\">\n\t\t\t\n\t\t\t\t\t\t\t\t\t\t\t\t\t\t<li>\n\n<div  class=\"fusion-image-wrapper\" aria-haspopup=\"true\">\n\t\n\t\n\t\t\n\t\t\t\t\t<img loading=\"lazy\" decoding=\"async\" width=\"1345\" height=\"700\" src=\"https:\/\/i0.wp.com\/www.city-magazin.at\/wp-content\/uploads\/2026\/02\/2026-03-Flughafen-Linz.png?fit=1345%2C700&ssl=1\" class=\"attachment-full size-full wp-post-image\" alt=\"NICHT LINZ LIEGENLASSEN. Land O\u00d6 sichert Airport.\" srcset=\"https:\/\/i0.wp.com\/www.city-magazin.at\/wp-content\/uploads\/2026\/02\/2026-03-Flughafen-Linz.png?resize=200%2C104&amp;ssl=1 200w, https:\/\/i0.wp.com\/www.city-magazin.at\/wp-content\/uploads\/2026\/02\/2026-03-Flughafen-Linz.png?resize=300%2C156&amp;ssl=1 300w, https:\/\/i0.wp.com\/www.city-magazin.at\/wp-content\/uploads\/2026\/02\/2026-03-Flughafen-Linz.png?resize=400%2C208&amp;ssl=1 400w, https:\/\/i0.wp.com\/www.city-magazin.at\/wp-content\/uploads\/2026\/02\/2026-03-Flughafen-Linz.png?resize=600%2C312&amp;ssl=1 600w, https:\/\/i0.wp.com\/www.city-magazin.at\/wp-content\/uploads\/2026\/02\/2026-03-Flughafen-Linz.png?resize=768%2C400&amp;ssl=1 768w, https:\/\/i0.wp.com\/www.city-magazin.at\/wp-content\/uploads\/2026\/02\/2026-03-Flughafen-Linz.png?resize=800%2C416&amp;ssl=1 800w, https:\/\/i0.wp.com\/www.city-magazin.at\/wp-content\/uploads\/2026\/02\/2026-03-Flughafen-Linz.png?resize=1024%2C533&amp;ssl=1 1024w, https:\/\/i0.wp.com\/www.city-magazin.at\/wp-content\/uploads\/2026\/02\/2026-03-Flughafen-Linz.png?resize=1200%2C625&amp;ssl=1 1200w, https:\/\/i0.wp.com\/www.city-magazin.at\/wp-content\/uploads\/2026\/02\/2026-03-Flughafen-Linz.png?fit=1345%2C700&amp;ssl=1 1345w\" sizes=\"auto, (min-width: 2200px) 100vw, (min-width: 784px) 373px, (min-width: 712px) 560px, (min-width: 640px) 712px, \" \/>\n\t\n\n\t\t<div class=\"fusion-rollover\">\n\t<div class=\"fusion-rollover-content\">\n\n\t\t\t\t\t\t\t\t\t\t\t\t\t\t<a class=\"fusion-rollover-link\" href=\"https:\/\/www.city-magazin.at\/index.php\/von-linz-direkt-nach-frankfurt\/\">Von Linz direkt nach Frankfurt<\/a>\n\t\t\t\n\t\t\t\t\t\t\t\t\t\t\t\t\t\t\n\t\t\t\t\t\t\t\t\n\t\t\t\t\t\t\t\t\t\t\t\t\t<div class=\"fusion-rollover-sep\"><\/div>\n\t\t\t\t\n\t\t\t\t\t\t\t\t\t\t\t\t\t\t\t\t\t\t<a class=\"fusion-rollover-gallery\" href=\"https:\/\/i0.wp.com\/www.city-magazin.at\/wp-content\/uploads\/2026\/02\/2026-03-Flughafen-Linz.png?fit=1345%2C700&ssl=1\" data-id=\"7380\" data-rel=\"iLightbox[gallery]\" data-title=\"2026-03-Flughafen-Linz\" data-caption=\"NICHT LINZ LIEGENLASSEN.\nLand O\u00d6 sichert Airport.\">\n\t\t\t\t\t\tGallery\t\t\t\t\t<\/a>\n\t\t\t\t\t\t\t\t\t\t\t\t\t\t\n\t\t\t\t\n\t\t\t\t\t\t\t\t\t\t\t\t<h4 class=\"fusion-rollover-title\">\n\t\t\t\t\t<a href=\"https:\/\/www.city-magazin.at\/index.php\/von-linz-direkt-nach-frankfurt\/\">\n\t\t\t\t\t\tVon Linz direkt nach Frankfurt\t\t\t\t\t<\/a>\n\t\t\t\t<\/h4>\n\t\t\t\n\t\t\t\t\t\t\t\t\t\t\t\t\t\t<div class=\"fusion-rollover-categories\"><a href=\"https:\/\/www.city-magazin.at\/index.php\/category\/aktuell\/\" rel=\"tag\">Aktuell<\/a>, <a href=\"https:\/\/www.city-magazin.at\/index.php\/category\/allgemein\/\" rel=\"tag\">Allgemein<\/a><\/div>\t\t\t\t\t\n\t\t\n\t\t\t\t<a class=\"fusion-link-wrapper\" href=\"https:\/\/www.city-magazin.at\/index.php\/von-linz-direkt-nach-frankfurt\/\" aria-label=\"Von Linz direkt nach Frankfurt\"><\/a>\n\t<\/div>\n<\/div>\n\n\t\n<\/div>\n<\/li>\n\t\t\t\n\t\t\t\n\t\t\t\t\t\t\t\t\t\t\t\t\t\t\t\t\t\t\t\t\t\t\t\t\t\t\t\t\t\t\t\t\t\t\t\t\t\t\t\t\t\t\t\t\t\t\t\t\t\t\t\t\t\t\t\t\t\t\t\t\t\t\t\t\t\t\t\t<\/ul>\n\t<\/div>\n\t<div class=\"fusion-post-content-wrapper\" style=\"padding:30px 25px 20px 25px;\"><div class=\"fusion-post-content post-content\"><h2 class=\"blog-shortcode-post-title entry-title\"><a href=\"https:\/\/www.city-magazin.at\/index.php\/von-linz-direkt-nach-frankfurt\/\">Von Linz direkt nach Frankfurt<\/a><\/h2><div class=\"fusion-post-content-container\"><p><p>    Linz fliegt auf Frankfurt  D\u00e4nische Fluglinie verbindet uns mit Airport-Drehkreuz.   Nach sechsmonatiger Unterbrechung wird Linz nun wieder an Frankfurt angebunden. Am Sonntag, dem 29. M\u00e4rz hebt der erste Flieger Richtung Main-Metropole ab. <\/p>\n<\/p><\/div><\/div><\/div><div class=\"fusion-clearfix\"><\/div><\/div>\n<\/article>\n<article id=\"blog-1-post-7348\" class=\"fusion-post-grid post-7348 post type-post status-publish format-standard has-post-thumbnail hentry category-aktuell category-allgemein category-leute\">\n<div class=\"fusion-post-wrapper\" style=\"background-color:rgba(255,255,255,0);border:1px solid #ebeaea;border-bottom-width:3px;\">\n\n\t\t\t<div class=\"fusion-flexslider flexslider fusion-flexslider-loading fusion-post-slideshow\" style=\"border-color:#ebeaea;\">\n\t\t<ul class=\"slides\">\n\t\t\t\n\t\t\t\t\t\t\t\t\t\t\t\t\t\t<li>\n\n<div  class=\"fusion-image-wrapper\" aria-haspopup=\"true\">\n\t\n\t\n\t\t\n\t\t\t\t\t<img loading=\"lazy\" decoding=\"async\" width=\"1346\" height=\"700\" src=\"https:\/\/i0.wp.com\/www.city-magazin.at\/wp-content\/uploads\/2026\/01\/2026-02-LH-Stelzer-1.png?fit=1346%2C700&ssl=1\" class=\"attachment-full size-full wp-post-image\" alt=\"IM GESPR\u00c4CH. CITY!-Chefredakteur Christian Horvath wieder einmal zu Gast im Linzer Landhaus.\" srcset=\"https:\/\/i0.wp.com\/www.city-magazin.at\/wp-content\/uploads\/2026\/01\/2026-02-LH-Stelzer-1.png?resize=200%2C104&amp;ssl=1 200w, https:\/\/i0.wp.com\/www.city-magazin.at\/wp-content\/uploads\/2026\/01\/2026-02-LH-Stelzer-1.png?resize=300%2C156&amp;ssl=1 300w, https:\/\/i0.wp.com\/www.city-magazin.at\/wp-content\/uploads\/2026\/01\/2026-02-LH-Stelzer-1.png?resize=400%2C208&amp;ssl=1 400w, https:\/\/i0.wp.com\/www.city-magazin.at\/wp-content\/uploads\/2026\/01\/2026-02-LH-Stelzer-1.png?resize=600%2C312&amp;ssl=1 600w, https:\/\/i0.wp.com\/www.city-magazin.at\/wp-content\/uploads\/2026\/01\/2026-02-LH-Stelzer-1.png?resize=768%2C399&amp;ssl=1 768w, https:\/\/i0.wp.com\/www.city-magazin.at\/wp-content\/uploads\/2026\/01\/2026-02-LH-Stelzer-1.png?resize=800%2C416&amp;ssl=1 800w, https:\/\/i0.wp.com\/www.city-magazin.at\/wp-content\/uploads\/2026\/01\/2026-02-LH-Stelzer-1.png?resize=1024%2C533&amp;ssl=1 1024w, https:\/\/i0.wp.com\/www.city-magazin.at\/wp-content\/uploads\/2026\/01\/2026-02-LH-Stelzer-1.png?resize=1200%2C624&amp;ssl=1 1200w, https:\/\/i0.wp.com\/www.city-magazin.at\/wp-content\/uploads\/2026\/01\/2026-02-LH-Stelzer-1.png?fit=1346%2C700&amp;ssl=1 1346w\" sizes=\"auto, (min-width: 2200px) 100vw, (min-width: 784px) 373px, (min-width: 712px) 560px, (min-width: 640px) 712px, \" \/>\n\t\n\n\t\t<div class=\"fusion-rollover\">\n\t<div class=\"fusion-rollover-content\">\n\n\t\t\t\t\t\t\t\t\t\t\t\t\t\t<a class=\"fusion-rollover-link\" href=\"https:\/\/www.city-magazin.at\/index.php\/interview-mit-lh-thomas-stelzer-2\/\">Interview mit LH Thomas Stelzer<\/a>\n\t\t\t\n\t\t\t\t\t\t\t\t\t\t\t\t\t\t\n\t\t\t\t\t\t\t\t\n\t\t\t\t\t\t\t\t\t\t\t\t\t<div class=\"fusion-rollover-sep\"><\/div>\n\t\t\t\t\n\t\t\t\t\t\t\t\t\t\t\t\t\t\t\t\t\t\t<a class=\"fusion-rollover-gallery\" href=\"https:\/\/i0.wp.com\/www.city-magazin.at\/wp-content\/uploads\/2026\/01\/2026-02-LH-Stelzer-1.png?fit=1346%2C700&ssl=1\" data-id=\"7348\" data-rel=\"iLightbox[gallery]\" data-title=\"2026-02-LH-Stelzer-1\" data-caption=\"IM GESPR\u00c4CH.\nCITY!-Chefredakteur Christian Horvath\nwieder einmal zu Gast im Linzer Landhaus.\">\n\t\t\t\t\t\tGallery\t\t\t\t\t<\/a>\n\t\t\t\t\t\t\t\t\t\t\t\t\t\t\n\t\t\t\t\n\t\t\t\t\t\t\t\t\t\t\t\t<h4 class=\"fusion-rollover-title\">\n\t\t\t\t\t<a href=\"https:\/\/www.city-magazin.at\/index.php\/interview-mit-lh-thomas-stelzer-2\/\">\n\t\t\t\t\t\tInterview mit LH Thomas Stelzer\t\t\t\t\t<\/a>\n\t\t\t\t<\/h4>\n\t\t\t\n\t\t\t\t\t\t\t\t\t\t\t\t\t\t<div class=\"fusion-rollover-categories\"><a href=\"https:\/\/www.city-magazin.at\/index.php\/category\/aktuell\/\" rel=\"tag\">Aktuell<\/a>, <a href=\"https:\/\/www.city-magazin.at\/index.php\/category\/allgemein\/\" rel=\"tag\">Allgemein<\/a>, <a href=\"https:\/\/www.city-magazin.at\/index.php\/category\/leute\/\" rel=\"tag\">Leute<\/a><\/div>\t\t\t\t\t\n\t\t\n\t\t\t\t<a class=\"fusion-link-wrapper\" href=\"https:\/\/www.city-magazin.at\/index.php\/interview-mit-lh-thomas-stelzer-2\/\" aria-label=\"Interview mit LH Thomas Stelzer\"><\/a>\n\t<\/div>\n<\/div>\n\n\t\n<\/div>\n<\/li>\n\t\t\t\n\t\t\t\n\t\t\t\t\t\t\t\t\t\t\t\t\t\t\t\t\t\t\t\t\t\t\t\t\t\t\t\t\t\t\t\t\t\t\t\t\t\t\t\t\t\t\t\t\t\t\t\t\t\t\t\t\t\t\t\t\t\t\t\t\t\t\t\t\t\t\t\t<\/ul>\n\t<\/div>\n\t<div class=\"fusion-post-content-wrapper\" style=\"padding:30px 25px 20px 25px;\"><div class=\"fusion-post-content post-content\"><h2 class=\"blog-shortcode-post-title entry-title\"><a href=\"https:\/\/www.city-magazin.at\/index.php\/interview-mit-lh-thomas-stelzer-2\/\">Interview mit LH Thomas Stelzer<\/a><\/h2><div class=\"fusion-post-content-container\"><p><p>    Keine Zeit zum Tr\u00f6deln  LH Thomas Stelzer \u00fcber zu wenig Reform-Tempo in Wien, Wirtschaftswachstum im eigenen Land und das Verm\u00e4chtnis von Vor-Vorg\u00e4nger Josef Ratzenb\u00f6ck.   Seit neun Jahren regiert VP-Landeschef Thomas Stelzer (58) Ober\u00f6sterreich. Im Interview mit CITY! Chefredakteur Christian Horvath spricht der Regierungschef \u00fcber Krisen am laufenden Band, zu wenig Reform-Tempo in Wien und seine Ziele f\u00fcr die restliche Legislaturperiode bis Herbst 2027. Dann werden Landtag, Gemeinder\u00e4te und B\u00fcrgermeister in O\u00d6 gleichzeitig<\/p><\/div><\/div><\/div><div class=\"fusion-clearfix\"><\/div><\/div>\n<\/article>\n<article id=\"blog-1-post-7313\" class=\"fusion-post-grid post-7313 post type-post status-publish format-standard has-post-thumbnail hentry category-aktuell category-allgemein\">\n<div class=\"fusion-post-wrapper\" style=\"background-color:rgba(255,255,255,0);border:1px solid #ebeaea;border-bottom-width:3px;\">\n\n\t\t\t<div class=\"fusion-flexslider flexslider fusion-flexslider-loading fusion-post-slideshow\" style=\"border-color:#ebeaea;\">\n\t\t<ul class=\"slides\">\n\t\t\t\n\t\t\t\t\t\t\t\t\t\t\t\t\t\t<li>\n\n<div  class=\"fusion-image-wrapper\" aria-haspopup=\"true\">\n\t\n\t\n\t\t\n\t\t\t\t\t<img loading=\"lazy\" decoding=\"async\" width=\"883\" height=\"500\" src=\"https:\/\/i0.wp.com\/www.city-magazin.at\/wp-content\/uploads\/2026\/01\/2026-02-Wischsuechtig.png?fit=883%2C500&ssl=1\" class=\"attachment-full size-full wp-post-image\" alt=\"ST\u00c4NDIG AM HANDY. Das gef\u00e4hrdet mitunter sogar Leib und Leben \u2013 besonders am Steuer.\" srcset=\"https:\/\/i0.wp.com\/www.city-magazin.at\/wp-content\/uploads\/2026\/01\/2026-02-Wischsuechtig.png?resize=200%2C113&amp;ssl=1 200w, https:\/\/i0.wp.com\/www.city-magazin.at\/wp-content\/uploads\/2026\/01\/2026-02-Wischsuechtig.png?resize=300%2C170&amp;ssl=1 300w, https:\/\/i0.wp.com\/www.city-magazin.at\/wp-content\/uploads\/2026\/01\/2026-02-Wischsuechtig.png?resize=400%2C227&amp;ssl=1 400w, https:\/\/i0.wp.com\/www.city-magazin.at\/wp-content\/uploads\/2026\/01\/2026-02-Wischsuechtig.png?resize=600%2C340&amp;ssl=1 600w, https:\/\/i0.wp.com\/www.city-magazin.at\/wp-content\/uploads\/2026\/01\/2026-02-Wischsuechtig.png?resize=768%2C435&amp;ssl=1 768w, https:\/\/i0.wp.com\/www.city-magazin.at\/wp-content\/uploads\/2026\/01\/2026-02-Wischsuechtig.png?resize=800%2C453&amp;ssl=1 800w, https:\/\/i0.wp.com\/www.city-magazin.at\/wp-content\/uploads\/2026\/01\/2026-02-Wischsuechtig.png?fit=883%2C500&amp;ssl=1 883w\" sizes=\"auto, (min-width: 2200px) 100vw, (min-width: 784px) 373px, (min-width: 712px) 560px, (min-width: 640px) 712px, \" \/>\n\t\n\n\t\t<div class=\"fusion-rollover\">\n\t<div class=\"fusion-rollover-content\">\n\n\t\t\t\t\t\t\t\t\t\t\t\t\t\t<a class=\"fusion-rollover-link\" href=\"https:\/\/www.city-magazin.at\/index.php\/wisch-suechtigsein\/\">Wisch-S\u00fcchtigsein<\/a>\n\t\t\t\n\t\t\t\t\t\t\t\t\t\t\t\t\t\t\n\t\t\t\t\t\t\t\t\n\t\t\t\t\t\t\t\t\t\t\t\t\t<div class=\"fusion-rollover-sep\"><\/div>\n\t\t\t\t\n\t\t\t\t\t\t\t\t\t\t\t\t\t\t\t\t\t\t<a class=\"fusion-rollover-gallery\" href=\"https:\/\/i0.wp.com\/www.city-magazin.at\/wp-content\/uploads\/2026\/01\/2026-02-Wischsuechtig.png?fit=883%2C500&ssl=1\" data-id=\"7313\" data-rel=\"iLightbox[gallery]\" data-title=\"2026-02-Wischs\u00fcchtig\" data-caption=\"ST\u00c4NDIG AM HANDY.\nDas gef\u00e4hrdet mitunter sogar Leib und Leben \u2013 besonders am Steuer.\">\n\t\t\t\t\t\tGallery\t\t\t\t\t<\/a>\n\t\t\t\t\t\t\t\t\t\t\t\t\t\t\n\t\t\t\t\n\t\t\t\t\t\t\t\t\t\t\t\t<h4 class=\"fusion-rollover-title\">\n\t\t\t\t\t<a href=\"https:\/\/www.city-magazin.at\/index.php\/wisch-suechtigsein\/\">\n\t\t\t\t\t\tWisch-S\u00fcchtigsein\t\t\t\t\t<\/a>\n\t\t\t\t<\/h4>\n\t\t\t\n\t\t\t\t\t\t\t\t\t\t\t\t\t\t<div class=\"fusion-rollover-categories\"><a href=\"https:\/\/www.city-magazin.at\/index.php\/category\/aktuell\/\" rel=\"tag\">Aktuell<\/a>, <a href=\"https:\/\/www.city-magazin.at\/index.php\/category\/allgemein\/\" rel=\"tag\">Allgemein<\/a><\/div>\t\t\t\t\t\n\t\t\n\t\t\t\t<a class=\"fusion-link-wrapper\" href=\"https:\/\/www.city-magazin.at\/index.php\/wisch-suechtigsein\/\" aria-label=\"Wisch-S\u00fcchtigsein\"><\/a>\n\t<\/div>\n<\/div>\n\n\t\n<\/div>\n<\/li>\n\t\t\t\n\t\t\t\n\t\t\t\t\t\t\t\t\t\t\t\t\t\t\t\t\t\t\t\t\t\t\t\t\t\t\t\t\t\t\t\t\t\t\t\t\t\t\t\t\t\t\t\t\t\t\t\t\t\t\t\t\t\t\t\t\t\t\t\t\t\t\t\t\t\t\t\t<\/ul>\n\t<\/div>\n\t<div class=\"fusion-post-content-wrapper\" style=\"padding:30px 25px 20px 25px;\"><div class=\"fusion-post-content post-content\"><h2 class=\"blog-shortcode-post-title entry-title\"><a href=\"https:\/\/www.city-magazin.at\/index.php\/wisch-suechtigsein\/\">Wisch-S\u00fcchtigsein<\/a><\/h2><div class=\"fusion-post-content-container\"><p><p>    \u201eWisch und weg\u201d macht oftmals s\u00fcchtig  Weniger Social Media bringt viel mehr Lebensqualit\u00e4t.   Jeder kennt das: Nur schnell mal einen Blick ins Smartphone machen, durchscrollen und dabei vermeintlich ausspannen. <\/p>\n<\/p><\/div><\/div><\/div><div class=\"fusion-clearfix\"><\/div><\/div>\n<\/article>\n<div class=\"fusion-clearfix\"><\/div><\/div><\/div><div class=\"fusion-title title fusion-sep-none fusion-title-size-one\" style=\"margin-top:0px;margin-bottom:31px;\"><h1 class=\"title-heading-left\"><h1>Zeitlose <span style=\"color: #e20714;\">Stories<\/span><\/h1><\/h1><\/div><div class=\"fusion-blog-shortcode fusion-blog-shortcode-2 fusion-blog-archive fusion-blog-layout-grid-wrapper fusion-blog-no\"><style type=\"text\/css\">.fusion-blog-shortcode-2 .fusion-blog-layout-grid .fusion-post-grid{padding:20px;}.fusion-blog-shortcode-2 .fusion-posts-container{margin-left: -20px !important; margin-right:-20px !important;}<\/style><div class=\"fusion-posts-container fusion-posts-container-no fusion-no-meta-info fusion-blog-rollover fusion-blog-layout-grid fusion-blog-layout-grid-3 isotope\" data-pages=\"4\" data-grid-col-space=\"40\" style=\"margin: -20px -20px 0;min-height:500px;\"><article id=\"blog-2-post-7225\" class=\"fusion-post-grid post-7225 post type-post status-publish format-standard has-post-thumbnail hentry category-allgemein category-zeitlos\">\n<div class=\"fusion-post-wrapper\" style=\"background-color:rgba(255,255,255,0);border:1px solid #ebeaea;border-bottom-width:3px;\">\n\n\t\t\t<div class=\"fusion-flexslider flexslider fusion-flexslider-loading fusion-post-slideshow\" style=\"border-color:#ebeaea;\">\n\t\t<ul class=\"slides\">\n\t\t\t\n\t\t\t\t\t\t\t\t\t\t\t\t\t\t<li>\n\n<div  class=\"fusion-image-wrapper\" aria-haspopup=\"true\">\n\t\n\t\n\t\t\n\t\t\t\t\t<img loading=\"lazy\" decoding=\"async\" width=\"851\" height=\"500\" src=\"https:\/\/i0.wp.com\/www.city-magazin.at\/wp-content\/uploads\/2025\/11\/2025-12-haka.png?fit=851%2C500&ssl=1\" class=\"attachment-full size-full wp-post-image\" alt=\"\u203a\u203a Manche Freunde sind pl\u00f6tzlich verschwunden. Andere stehen zu mir. Ich sage seither, dass ich viele Freunde hatte. Die guten sind mir geblieben.\" srcset=\"https:\/\/i0.wp.com\/www.city-magazin.at\/wp-content\/uploads\/2025\/11\/2025-12-haka.png?resize=200%2C118&amp;ssl=1 200w, https:\/\/i0.wp.com\/www.city-magazin.at\/wp-content\/uploads\/2025\/11\/2025-12-haka.png?resize=300%2C176&amp;ssl=1 300w, https:\/\/i0.wp.com\/www.city-magazin.at\/wp-content\/uploads\/2025\/11\/2025-12-haka.png?resize=400%2C235&amp;ssl=1 400w, https:\/\/i0.wp.com\/www.city-magazin.at\/wp-content\/uploads\/2025\/11\/2025-12-haka.png?resize=600%2C353&amp;ssl=1 600w, https:\/\/i0.wp.com\/www.city-magazin.at\/wp-content\/uploads\/2025\/11\/2025-12-haka.png?resize=768%2C451&amp;ssl=1 768w, https:\/\/i0.wp.com\/www.city-magazin.at\/wp-content\/uploads\/2025\/11\/2025-12-haka.png?resize=800%2C470&amp;ssl=1 800w, https:\/\/i0.wp.com\/www.city-magazin.at\/wp-content\/uploads\/2025\/11\/2025-12-haka.png?fit=851%2C500&amp;ssl=1 851w\" sizes=\"auto, (min-width: 2200px) 100vw, (min-width: 784px) 373px, (min-width: 712px) 560px, (min-width: 640px) 712px, \" \/>\n\t\n\n\t\t<div class=\"fusion-rollover\">\n\t<div class=\"fusion-rollover-content\">\n\n\t\t\t\t\t\t\t\t\t\t\t\t\t\t<a class=\"fusion-rollover-link\" href=\"https:\/\/www.city-magazin.at\/index.php\/wenn-das-lebenswerk-ins-wanken-geraet\/\">Wenn das Lebenswerk ins Wanken ger\u00e4t<\/a>\n\t\t\t\n\t\t\t\t\t\t\t\t\t\t\t\t\t\t\n\t\t\t\t\t\t\t\t\n\t\t\t\t\t\t\t\t\t\t\t\t\t<div class=\"fusion-rollover-sep\"><\/div>\n\t\t\t\t\n\t\t\t\t\t\t\t\t\t\t\t\t\t\t\t\t\t\t<a class=\"fusion-rollover-gallery\" href=\"https:\/\/i0.wp.com\/www.city-magazin.at\/wp-content\/uploads\/2025\/11\/2025-12-haka.png?fit=851%2C500&ssl=1\" data-id=\"7225\" data-rel=\"iLightbox[gallery]\" data-title=\"2025-12-haka\" data-caption=\"\u203a\u203a Manche Freunde sind pl\u00f6tzlich verschwunden.\nAndere stehen zu mir. Ich\nsage seither, dass ich viele Freunde hatte.\nDie guten sind mir geblieben.\">\n\t\t\t\t\t\tGallery\t\t\t\t\t<\/a>\n\t\t\t\t\t\t\t\t\t\t\t\t\t\t\n\t\t\t\t\n\t\t\t\t\t\t\t\t\t\t\t\t<h4 class=\"fusion-rollover-title\">\n\t\t\t\t\t<a href=\"https:\/\/www.city-magazin.at\/index.php\/wenn-das-lebenswerk-ins-wanken-geraet\/\">\n\t\t\t\t\t\tWenn das Lebenswerk ins Wanken ger\u00e4t\t\t\t\t\t<\/a>\n\t\t\t\t<\/h4>\n\t\t\t\n\t\t\t\t\t\t\t\t\t\t\t\t\t\t<div class=\"fusion-rollover-categories\"><a href=\"https:\/\/www.city-magazin.at\/index.php\/category\/allgemein\/\" rel=\"tag\">Allgemein<\/a>, <a href=\"https:\/\/www.city-magazin.at\/index.php\/category\/zeitlos\/\" rel=\"tag\">Zeitlos<\/a><\/div>\t\t\t\t\t\n\t\t\n\t\t\t\t<a class=\"fusion-link-wrapper\" href=\"https:\/\/www.city-magazin.at\/index.php\/wenn-das-lebenswerk-ins-wanken-geraet\/\" aria-label=\"Wenn das Lebenswerk ins Wanken ger\u00e4t\"><\/a>\n\t<\/div>\n<\/div>\n\n\t\n<\/div>\n<\/li>\n\t\t\t\n\t\t\t\n\t\t\t\t\t\t\t\t\t\t\t\t\t\t\t\t\t\t\t\t\t\t\t\t\t\t\t\t\t\t\t\t\t\t\t\t\t\t\t\t\t\t\t\t\t\t\t\t\t\t\t\t\t\t\t\t\t\t\t\t\t\t\t\t\t\t\t\t<\/ul>\n\t<\/div>\n\t<div class=\"fusion-post-content-wrapper\" style=\"padding:30px 25px 20px 25px;\"><div class=\"fusion-post-content post-content\"><h2 class=\"blog-shortcode-post-title entry-title\"><a href=\"https:\/\/www.city-magazin.at\/index.php\/wenn-das-lebenswerk-ins-wanken-geraet\/\">Wenn das Lebenswerk ins Wanken ger\u00e4t<\/a><\/h2><div class=\"fusion-post-content-container\"><p><p>    Ein neuer Anfang, \u00a0nicht das Ende  Haka-Chef Gerhard Hackl \u00fcber Freunde und die gr\u00f6\u00dfte Krise seines Lebens(werks).   In einer Zeit, in der unternehmerisches Scheitern oft vorschnell verurteilt wird, braucht es Mut, sich offen zu zeigen und \u00fcber schwierige Phasen zu sprechen. <\/p>\n<\/p><\/div><\/div><\/div><div class=\"fusion-clearfix\"><\/div><\/div>\n<\/article>\n<article id=\"blog-2-post-6584\" class=\"fusion-post-grid post-6584 post type-post status-publish format-standard has-post-thumbnail hentry category-allgemein category-zeitlos\">\n<div class=\"fusion-post-wrapper\" style=\"background-color:rgba(255,255,255,0);border:1px solid #ebeaea;border-bottom-width:3px;\">\n\n\t\t\t<div class=\"fusion-flexslider flexslider fusion-flexslider-loading fusion-post-slideshow\" style=\"border-color:#ebeaea;\">\n\t\t<ul class=\"slides\">\n\t\t\t\n\t\t\t\t\t\t\t\t\t\t\t\t\t\t<li>\n\n<div  class=\"fusion-image-wrapper\" aria-haspopup=\"true\">\n\t\n\t\n\t\t\n\t\t\t\t\t<img loading=\"lazy\" decoding=\"async\" width=\"750\" height=\"422\" src=\"https:\/\/i0.wp.com\/www.city-magazin.at\/wp-content\/uploads\/2024\/09\/2024-10-Wandern-1.png?fit=750%2C422&ssl=1\" class=\"attachment-full size-full wp-post-image\" alt=\"SCHMERZFREI durch die Wandersaison\" srcset=\"https:\/\/i0.wp.com\/www.city-magazin.at\/wp-content\/uploads\/2024\/09\/2024-10-Wandern-1.png?resize=200%2C113&amp;ssl=1 200w, https:\/\/i0.wp.com\/www.city-magazin.at\/wp-content\/uploads\/2024\/09\/2024-10-Wandern-1.png?resize=300%2C169&amp;ssl=1 300w, https:\/\/i0.wp.com\/www.city-magazin.at\/wp-content\/uploads\/2024\/09\/2024-10-Wandern-1.png?resize=400%2C225&amp;ssl=1 400w, https:\/\/i0.wp.com\/www.city-magazin.at\/wp-content\/uploads\/2024\/09\/2024-10-Wandern-1.png?resize=600%2C338&amp;ssl=1 600w, https:\/\/i0.wp.com\/www.city-magazin.at\/wp-content\/uploads\/2024\/09\/2024-10-Wandern-1.png?fit=750%2C422&amp;ssl=1 750w\" sizes=\"auto, (min-width: 2200px) 100vw, (min-width: 784px) 373px, (min-width: 712px) 560px, (min-width: 640px) 712px, \" \/>\n\t\n\n\t\t<div class=\"fusion-rollover\">\n\t<div class=\"fusion-rollover-content\">\n\n\t\t\t\t\t\t\t\t\t\t\t\t\t\t<a class=\"fusion-rollover-link\" href=\"https:\/\/www.city-magazin.at\/index.php\/schmerzfrei-wandern\/\">Schmerzfrei Wandern<\/a>\n\t\t\t\n\t\t\t\t\t\t\t\t\t\t\t\t\t\t\n\t\t\t\t\t\t\t\t\n\t\t\t\t\t\t\t\t\t\t\t\t\t<div class=\"fusion-rollover-sep\"><\/div>\n\t\t\t\t\n\t\t\t\t\t\t\t\t\t\t\t\t\t\t\t\t\t\t<a class=\"fusion-rollover-gallery\" href=\"https:\/\/i0.wp.com\/www.city-magazin.at\/wp-content\/uploads\/2024\/09\/2024-10-Wandern-1.png?fit=750%2C422&ssl=1\" data-id=\"6584\" data-rel=\"iLightbox[gallery]\" data-title=\"2024-10-Wandern-1\" data-caption=\"SCHMERZFREI durch\ndie Wandersaison\">\n\t\t\t\t\t\tGallery\t\t\t\t\t<\/a>\n\t\t\t\t\t\t\t\t\t\t\t\t\t\t\n\t\t\t\t\n\t\t\t\t\t\t\t\t\t\t\t\t<h4 class=\"fusion-rollover-title\">\n\t\t\t\t\t<a href=\"https:\/\/www.city-magazin.at\/index.php\/schmerzfrei-wandern\/\">\n\t\t\t\t\t\tSchmerzfrei Wandern\t\t\t\t\t<\/a>\n\t\t\t\t<\/h4>\n\t\t\t\n\t\t\t\t\t\t\t\t\t\t\t\t\t\t<div class=\"fusion-rollover-categories\"><a href=\"https:\/\/www.city-magazin.at\/index.php\/category\/allgemein\/\" rel=\"tag\">Allgemein<\/a>, <a href=\"https:\/\/www.city-magazin.at\/index.php\/category\/zeitlos\/\" rel=\"tag\">Zeitlos<\/a><\/div>\t\t\t\t\t\n\t\t\n\t\t\t\t<a class=\"fusion-link-wrapper\" href=\"https:\/\/www.city-magazin.at\/index.php\/schmerzfrei-wandern\/\" aria-label=\"Schmerzfrei Wandern\"><\/a>\n\t<\/div>\n<\/div>\n\n\t\n<\/div>\n<\/li>\n\t\t\t\n\t\t\t\n\t\t\t\t\t\t\t\t\t\t\t\t\t\t\t\t\t\t\t\t\t\t\t\t\t\t\t\t\t\t\t\t\t\t\t\t\t\t\t\t\t\t\t\t\t\t\t\t\t\t\t\t\t\t\t\t\t\t\t\t\t\t\t\t\t\t\t\t<\/ul>\n\t<\/div>\n\t<div class=\"fusion-post-content-wrapper\" style=\"padding:30px 25px 20px 25px;\"><div class=\"fusion-post-content post-content\"><h2 class=\"blog-shortcode-post-title entry-title\"><a href=\"https:\/\/www.city-magazin.at\/index.php\/schmerzfrei-wandern\/\">Schmerzfrei Wandern<\/a><\/h2><div class=\"fusion-post-content-container\"><p><p>    Ordensklinikum Linz Elisabethinen gibt Tipps f\u00fcr die Herbstsaison.   Der Herbst ist ideal zum Wandern, da es nicht mehr so hei\u00df ist und die Natur mit bunten Bl\u00e4ttern und oft spektakul\u00e4ren Lichtverh\u00e4ltnissen beeindruckt. Doch vor dem Losmarschieren gibt es vor allem f\u00fcr unge\u00fcbte St\u00e4dter einiges zu beachten. <\/p>\n<\/p><\/div><\/div><\/div><div class=\"fusion-clearfix\"><\/div><\/div>\n<\/article>\n<article id=\"blog-2-post-6432\" class=\"fusion-post-grid post-6432 post type-post status-publish format-standard has-post-thumbnail hentry category-allgemein category-zeitlos\">\n<div class=\"fusion-post-wrapper\" style=\"background-color:rgba(255,255,255,0);border:1px solid #ebeaea;border-bottom-width:3px;\">\n\n\t\t\t<div class=\"fusion-flexslider flexslider fusion-flexslider-loading fusion-post-slideshow\" style=\"border-color:#ebeaea;\">\n\t\t<ul class=\"slides\">\n\t\t\t\n\t\t\t\t\t\t\t\t\t\t\t\t\t\t<li>\n\n<div  class=\"fusion-image-wrapper\" aria-haspopup=\"true\">\n\t\n\t\n\t\t\n\t\t\t\t\t<img loading=\"lazy\" decoding=\"async\" width=\"776\" height=\"700\" src=\"https:\/\/i0.wp.com\/www.city-magazin.at\/wp-content\/uploads\/2024\/05\/2024-06-PK_50-Jahre-Nierentransplant-3.png?fit=776%2C700&ssl=1\" class=\"attachment-full size-full wp-post-image\" alt=\"TEAM. \u00c4rztlicher Direktor Dr. Michael Girschikofsky, Rudolf Brettbacher, Obmann der Niere O\u00d6 und Transplantpatient, DGKP Christa Pfleger, Prim. Priv.-Doz. Dr. Daniel Cejka, Abteilungsleitung Nephrologie, Tamara Holzinger-Hammer, Transplant-Koordinatorin, Prim. Prof. Dr. Matthias Biebl, Chirurgie-Chef.\" srcset=\"https:\/\/i0.wp.com\/www.city-magazin.at\/wp-content\/uploads\/2024\/05\/2024-06-PK_50-Jahre-Nierentransplant-3.png?resize=200%2C180&amp;ssl=1 200w, https:\/\/i0.wp.com\/www.city-magazin.at\/wp-content\/uploads\/2024\/05\/2024-06-PK_50-Jahre-Nierentransplant-3.png?resize=300%2C271&amp;ssl=1 300w, https:\/\/i0.wp.com\/www.city-magazin.at\/wp-content\/uploads\/2024\/05\/2024-06-PK_50-Jahre-Nierentransplant-3.png?resize=400%2C361&amp;ssl=1 400w, https:\/\/i0.wp.com\/www.city-magazin.at\/wp-content\/uploads\/2024\/05\/2024-06-PK_50-Jahre-Nierentransplant-3.png?resize=600%2C541&amp;ssl=1 600w, https:\/\/i0.wp.com\/www.city-magazin.at\/wp-content\/uploads\/2024\/05\/2024-06-PK_50-Jahre-Nierentransplant-3.png?resize=768%2C693&amp;ssl=1 768w, https:\/\/i0.wp.com\/www.city-magazin.at\/wp-content\/uploads\/2024\/05\/2024-06-PK_50-Jahre-Nierentransplant-3.png?fit=776%2C700&amp;ssl=1 776w\" sizes=\"auto, (min-width: 2200px) 100vw, (min-width: 784px) 373px, (min-width: 712px) 560px, (min-width: 640px) 712px, \" \/>\n\t\n\n\t\t<div class=\"fusion-rollover\">\n\t<div class=\"fusion-rollover-content\">\n\n\t\t\t\t\t\t\t\t\t\t\t\t\t\t<a class=\"fusion-rollover-link\" href=\"https:\/\/www.city-magazin.at\/index.php\/50-jahre-nierentransplantationen\/\">50 Jahre Nierentransplantationen<\/a>\n\t\t\t\n\t\t\t\t\t\t\t\t\t\t\t\t\t\t\n\t\t\t\t\t\t\t\t\n\t\t\t\t\t\t\t\t\t\t\t\t\t<div class=\"fusion-rollover-sep\"><\/div>\n\t\t\t\t\n\t\t\t\t\t\t\t\t\t\t\t\t\t\t\t\t\t\t<a class=\"fusion-rollover-gallery\" href=\"https:\/\/i0.wp.com\/www.city-magazin.at\/wp-content\/uploads\/2024\/05\/2024-06-PK_50-Jahre-Nierentransplant-3.png?fit=776%2C700&ssl=1\" data-id=\"6432\" data-rel=\"iLightbox[gallery]\" data-title=\"2024-06-PK_50-Jahre-Nierentransplant-3\" data-caption=\"TEAM. \u00c4rztlicher Direktor Dr. Michael Girschikofsky, Rudolf Brettbacher, Obmann der Niere O\u00d6 und\nTransplantpatient, DGKP Christa Pfleger, Prim. Priv.-Doz. Dr. Daniel Cejka, Abteilungsleitung Nephrologie,\nTamara Holzinger-Hammer, Transplant-Koordinatorin, Prim. Prof. Dr. Matthias Biebl, Chirurgie-Chef.\">\n\t\t\t\t\t\tGallery\t\t\t\t\t<\/a>\n\t\t\t\t\t\t\t\t\t\t\t\t\t\t\n\t\t\t\t\n\t\t\t\t\t\t\t\t\t\t\t\t<h4 class=\"fusion-rollover-title\">\n\t\t\t\t\t<a href=\"https:\/\/www.city-magazin.at\/index.php\/50-jahre-nierentransplantationen\/\">\n\t\t\t\t\t\t50 Jahre Nierentransplantationen\t\t\t\t\t<\/a>\n\t\t\t\t<\/h4>\n\t\t\t\n\t\t\t\t\t\t\t\t\t\t\t\t\t\t<div class=\"fusion-rollover-categories\"><a href=\"https:\/\/www.city-magazin.at\/index.php\/category\/allgemein\/\" rel=\"tag\">Allgemein<\/a>, <a href=\"https:\/\/www.city-magazin.at\/index.php\/category\/zeitlos\/\" rel=\"tag\">Zeitlos<\/a><\/div>\t\t\t\t\t\n\t\t\n\t\t\t\t<a class=\"fusion-link-wrapper\" href=\"https:\/\/www.city-magazin.at\/index.php\/50-jahre-nierentransplantationen\/\" aria-label=\"50 Jahre Nierentransplantationen\"><\/a>\n\t<\/div>\n<\/div>\n\n\t\n<\/div>\n<\/li>\n\t\t\t\n\t\t\t\n\t\t\t\t\t\t\t\t\t\t\t\t\t\t\t\t\t\t\t\t\t\t\t\t\t\t\t\t\t\t\t\t\t\t\t\t\t\t\t\t\t\t\t\t\t\t\t\t\t\t\t\t\t\t\t\t\t\t\t\t\t\t\t\t\t\t\t\t<\/ul>\n\t<\/div>\n\t<div class=\"fusion-post-content-wrapper\" style=\"padding:30px 25px 20px 25px;\"><div class=\"fusion-post-content post-content\"><h2 class=\"blog-shortcode-post-title entry-title\"><a href=\"https:\/\/www.city-magazin.at\/index.php\/50-jahre-nierentransplantationen\/\">50 Jahre Nierentransplantationen<\/a><\/h2><div class=\"fusion-post-content-container\"><p><p>    ERFOLGSGESCHICHTE. 50 Jahre Nierentransplantationen am Ordensklinikum Linz.   In \u00d6sterreich finden pro Jahr etwa 700 Organtransplantationen statt, 400 davon betreffen die Niere. Am Ordensklinikum Linz Elisabethinen werden seit 50 Jahren Nieren transplantiert; j\u00e4hrlich werden dort rund 60 solcher Eingriffe vorgenommen. <\/p>\n<\/p><\/div><\/div><\/div><div class=\"fusion-clearfix\"><\/div><\/div>\n<\/article>\n<article id=\"blog-2-post-6396\" class=\"fusion-post-grid post-6396 post type-post status-publish format-standard has-post-thumbnail hentry category-allgemein category-zeitgeschichte category-zeitlos\">\n<div class=\"fusion-post-wrapper\" style=\"background-color:rgba(255,255,255,0);border:1px solid #ebeaea;border-bottom-width:3px;\">\n\n\t\t\t<div class=\"fusion-flexslider flexslider fusion-flexslider-loading fusion-post-slideshow\" style=\"border-color:#ebeaea;\">\n\t\t<ul class=\"slides\">\n\t\t\t\n\t\t\t\t\t\t\t\t\t\t\t\t\t\t<li>\n\n<div  class=\"fusion-image-wrapper\" aria-haspopup=\"true\">\n\t\n\t\n\t\t\n\t\t\t\t\t<img loading=\"lazy\" decoding=\"async\" width=\"1244\" height=\"700\" src=\"https:\/\/i0.wp.com\/www.city-magazin.at\/wp-content\/uploads\/2024\/04\/2024-04-Zeitgeschichte-0.png?fit=1244%2C700&ssl=1\" class=\"attachment-full size-full wp-post-image\" alt=\"REICHTUM UND WOHLSTAND. Franz Honauer als er 52 Jahre alt war.\" srcset=\"https:\/\/i0.wp.com\/www.city-magazin.at\/wp-content\/uploads\/2024\/04\/2024-04-Zeitgeschichte-0.png?resize=200%2C113&amp;ssl=1 200w, https:\/\/i0.wp.com\/www.city-magazin.at\/wp-content\/uploads\/2024\/04\/2024-04-Zeitgeschichte-0.png?resize=300%2C169&amp;ssl=1 300w, https:\/\/i0.wp.com\/www.city-magazin.at\/wp-content\/uploads\/2024\/04\/2024-04-Zeitgeschichte-0.png?resize=400%2C225&amp;ssl=1 400w, https:\/\/i0.wp.com\/www.city-magazin.at\/wp-content\/uploads\/2024\/04\/2024-04-Zeitgeschichte-0.png?resize=600%2C338&amp;ssl=1 600w, https:\/\/i0.wp.com\/www.city-magazin.at\/wp-content\/uploads\/2024\/04\/2024-04-Zeitgeschichte-0.png?resize=768%2C432&amp;ssl=1 768w, https:\/\/i0.wp.com\/www.city-magazin.at\/wp-content\/uploads\/2024\/04\/2024-04-Zeitgeschichte-0.png?resize=800%2C450&amp;ssl=1 800w, https:\/\/i0.wp.com\/www.city-magazin.at\/wp-content\/uploads\/2024\/04\/2024-04-Zeitgeschichte-0.png?resize=1024%2C576&amp;ssl=1 1024w, https:\/\/i0.wp.com\/www.city-magazin.at\/wp-content\/uploads\/2024\/04\/2024-04-Zeitgeschichte-0.png?resize=1200%2C675&amp;ssl=1 1200w, https:\/\/i0.wp.com\/www.city-magazin.at\/wp-content\/uploads\/2024\/04\/2024-04-Zeitgeschichte-0.png?fit=1244%2C700&amp;ssl=1 1244w\" sizes=\"auto, (min-width: 2200px) 100vw, (min-width: 784px) 373px, (min-width: 712px) 560px, (min-width: 640px) 712px, \" \/>\n\t\n\n\t\t<div class=\"fusion-rollover\">\n\t<div class=\"fusion-rollover-content\">\n\n\t\t\t\t\t\t\t\t\t\t\t\t\t\t<a class=\"fusion-rollover-link\" href=\"https:\/\/www.city-magazin.at\/index.php\/zeitgeschichte-franz-honauer\/\">Zeitgeschichte Franz Honauer<\/a>\n\t\t\t\n\t\t\t\t\t\t\t\t\t\t\t\t\t\t\n\t\t\t\t\t\t\t\t\n\t\t\t\t\t\t\t\t\t\t\t\t\t<div class=\"fusion-rollover-sep\"><\/div>\n\t\t\t\t\n\t\t\t\t\t\t\t\t\t\t\t\t\t\t\t\t\t\t<a class=\"fusion-rollover-gallery\" href=\"https:\/\/i0.wp.com\/www.city-magazin.at\/wp-content\/uploads\/2024\/04\/2024-04-Zeitgeschichte-0.png?fit=1244%2C700&ssl=1\" data-id=\"6396\" data-rel=\"iLightbox[gallery]\" data-title=\"2024-04-Zeitgeschichte-0\" data-caption=\"REICHTUM UND WOHLSTAND.\nFranz Honauer als er\n52 Jahre alt war.\">\n\t\t\t\t\t\tGallery\t\t\t\t\t<\/a>\n\t\t\t\t\t\t\t\t\t\t\t\t\t\t\n\t\t\t\t\n\t\t\t\t\t\t\t\t\t\t\t\t<h4 class=\"fusion-rollover-title\">\n\t\t\t\t\t<a href=\"https:\/\/www.city-magazin.at\/index.php\/zeitgeschichte-franz-honauer\/\">\n\t\t\t\t\t\tZeitgeschichte Franz Honauer\t\t\t\t\t<\/a>\n\t\t\t\t<\/h4>\n\t\t\t\n\t\t\t\t\t\t\t\t\t\t\t\t\t\t<div class=\"fusion-rollover-categories\"><a href=\"https:\/\/www.city-magazin.at\/index.php\/category\/allgemein\/\" rel=\"tag\">Allgemein<\/a>, <a href=\"https:\/\/www.city-magazin.at\/index.php\/category\/zeitgeschichte\/\" rel=\"tag\">Zeitgeschichte<\/a>, <a href=\"https:\/\/www.city-magazin.at\/index.php\/category\/zeitlos\/\" rel=\"tag\">Zeitlos<\/a><\/div>\t\t\t\t\t\n\t\t\n\t\t\t\t<a class=\"fusion-link-wrapper\" href=\"https:\/\/www.city-magazin.at\/index.php\/zeitgeschichte-franz-honauer\/\" aria-label=\"Zeitgeschichte Franz Honauer\"><\/a>\n\t<\/div>\n<\/div>\n\n\t\n<\/div>\n<\/li>\n\t\t\t\n\t\t\t\n\t\t\t\t\t\t\t\t\t\t\t\t\t\t\t\t\t\t\t\t\t\t\t\t\t\t\t\t\t\t\t\t\t\t\t\t\t\t\t\t\t\t\t\t\t\t\t\t\t\t\t\t\t\t\t\t\t\t\t\t\t\t\t\t\t\t\t\t<\/ul>\n\t<\/div>\n\t<div class=\"fusion-post-content-wrapper\" style=\"padding:30px 25px 20px 25px;\"><div class=\"fusion-post-content post-content\"><h2 class=\"blog-shortcode-post-title entry-title\"><a href=\"https:\/\/www.city-magazin.at\/index.php\/zeitgeschichte-franz-honauer\/\">Zeitgeschichte Franz Honauer<\/a><\/h2><div class=\"fusion-post-content-container\"><p><p>    Franz Honauer &#8211; der WOLL-T\u00c4TER\u00a0  Vor 150 Jahren erfolgte in Linz die Stra\u00dfenbenennung nach dem gro\u00dfherzigen Textil-Industriellen und Stadtpolitiker, der 1871 verstarb.   Um die Mitte des 19. Jahrhunderts hatte Linz rund 26.000 Einwohner. In der Stadt gab es nur 16 Fabriken, 11 davon z\u00e4hlten zur Textilindustrie, wobei vier davon in Kleinm\u00fcnchen produzierten. <\/p>\n<\/p><\/div><\/div><\/div><div class=\"fusion-clearfix\"><\/div><\/div>\n<\/article>\n<article id=\"blog-2-post-6328\" class=\"fusion-post-grid post-6328 post type-post status-publish format-standard has-post-thumbnail hentry category-allgemein category-zeitlos\">\n<div class=\"fusion-post-wrapper\" style=\"background-color:rgba(255,255,255,0);border:1px solid #ebeaea;border-bottom-width:3px;\">\n\n\t\t\t<div class=\"fusion-flexslider flexslider fusion-flexslider-loading fusion-post-slideshow\" style=\"border-color:#ebeaea;\">\n\t\t<ul class=\"slides\">\n\t\t\t\n\t\t\t\t\t\t\t\t\t\t\t\t\t\t<li>\n\n<div  class=\"fusion-image-wrapper\" aria-haspopup=\"true\">\n\t\n\t\n\t\t\n\t\t\t\t\t<img loading=\"lazy\" decoding=\"async\" width=\"933\" height=\"700\" src=\"https:\/\/i0.wp.com\/www.city-magazin.at\/wp-content\/uploads\/2024\/02\/2024-03-SOS-1.png?fit=933%2C700&ssl=1\" class=\"attachment-full size-full wp-post-image\" alt=\"STRUKTUR. Die Einrichtung von SOS-Menschenrechte in Linz bietet den jungen Fl\u00fcchtlingen Halt und Sicherheit auf ihrem Weg zur\u00fcck in die Normalit\u00e4t.\" srcset=\"https:\/\/i0.wp.com\/www.city-magazin.at\/wp-content\/uploads\/2024\/02\/2024-03-SOS-1.png?resize=200%2C150&amp;ssl=1 200w, https:\/\/i0.wp.com\/www.city-magazin.at\/wp-content\/uploads\/2024\/02\/2024-03-SOS-1.png?resize=300%2C225&amp;ssl=1 300w, https:\/\/i0.wp.com\/www.city-magazin.at\/wp-content\/uploads\/2024\/02\/2024-03-SOS-1.png?resize=400%2C300&amp;ssl=1 400w, https:\/\/i0.wp.com\/www.city-magazin.at\/wp-content\/uploads\/2024\/02\/2024-03-SOS-1.png?resize=600%2C450&amp;ssl=1 600w, https:\/\/i0.wp.com\/www.city-magazin.at\/wp-content\/uploads\/2024\/02\/2024-03-SOS-1.png?resize=768%2C576&amp;ssl=1 768w, https:\/\/i0.wp.com\/www.city-magazin.at\/wp-content\/uploads\/2024\/02\/2024-03-SOS-1.png?resize=800%2C600&amp;ssl=1 800w, https:\/\/i0.wp.com\/www.city-magazin.at\/wp-content\/uploads\/2024\/02\/2024-03-SOS-1.png?fit=933%2C700&amp;ssl=1 933w\" sizes=\"auto, (min-width: 2200px) 100vw, (min-width: 784px) 373px, (min-width: 712px) 560px, (min-width: 640px) 712px, \" \/>\n\t\n\n\t\t<div class=\"fusion-rollover\">\n\t<div class=\"fusion-rollover-content\">\n\n\t\t\t\t\t\t\t\t\t\t\t\t\t\t<a class=\"fusion-rollover-link\" href=\"https:\/\/www.city-magazin.at\/index.php\/witzany-trifft-sos-menschenrechte\/\">Witzany trifft \u201eSOS-Menschenrechte\u201c<\/a>\n\t\t\t\n\t\t\t\t\t\t\t\t\t\t\t\t\t\t\n\t\t\t\t\t\t\t\t\n\t\t\t\t\t\t\t\t\t\t\t\t\t<div class=\"fusion-rollover-sep\"><\/div>\n\t\t\t\t\n\t\t\t\t\t\t\t\t\t\t\t\t\t\t\t\t\t\t<a class=\"fusion-rollover-gallery\" href=\"https:\/\/i0.wp.com\/www.city-magazin.at\/wp-content\/uploads\/2024\/02\/2024-03-SOS-1.png?fit=933%2C700&ssl=1\" data-id=\"6328\" data-rel=\"iLightbox[gallery]\" data-title=\"2024-03-SOS-1\" data-caption=\"STRUKTUR. Die Einrichtung von SOS-Menschenrechte in Linz\nbietet den jungen Fl\u00fcchtlingen Halt und Sicherheit\nauf ihrem Weg zur\u00fcck in die Normalit\u00e4t.\">\n\t\t\t\t\t\tGallery\t\t\t\t\t<\/a>\n\t\t\t\t\t\t\t\t\t\t\t\t\t\t\n\t\t\t\t\n\t\t\t\t\t\t\t\t\t\t\t\t<h4 class=\"fusion-rollover-title\">\n\t\t\t\t\t<a href=\"https:\/\/www.city-magazin.at\/index.php\/witzany-trifft-sos-menschenrechte\/\">\n\t\t\t\t\t\tWitzany trifft \u201eSOS-Menschenrechte\u201c\t\t\t\t\t<\/a>\n\t\t\t\t<\/h4>\n\t\t\t\n\t\t\t\t\t\t\t\t\t\t\t\t\t\t<div class=\"fusion-rollover-categories\"><a href=\"https:\/\/www.city-magazin.at\/index.php\/category\/allgemein\/\" rel=\"tag\">Allgemein<\/a>, <a href=\"https:\/\/www.city-magazin.at\/index.php\/category\/zeitlos\/\" rel=\"tag\">Zeitlos<\/a><\/div>\t\t\t\t\t\n\t\t\n\t\t\t\t<a class=\"fusion-link-wrapper\" href=\"https:\/\/www.city-magazin.at\/index.php\/witzany-trifft-sos-menschenrechte\/\" aria-label=\"Witzany trifft \u201eSOS-Menschenrechte\u201c\"><\/a>\n\t<\/div>\n<\/div>\n\n\t\n<\/div>\n<\/li>\n\t\t\t\n\t\t\t\n\t\t\t\t\t\t\t\t\t\t\t\t\t\t\t\t\t\t\t\t\t\t\t\t\t\t\t\t\t\t\t\t\t\t\t\t\t\t\t\t\t\t\t\t\t\t\t\t\t\t\t\t\t\t\t\t\t\t\t\t\t\t\t\t\t\t\t\t<\/ul>\n\t<\/div>\n\t<div class=\"fusion-post-content-wrapper\" style=\"padding:30px 25px 20px 25px;\"><div class=\"fusion-post-content post-content\"><h2 class=\"blog-shortcode-post-title entry-title\"><a href=\"https:\/\/www.city-magazin.at\/index.php\/witzany-trifft-sos-menschenrechte\/\">Witzany trifft \u201eSOS-Menschenrechte\u201c<\/a><\/h2><div class=\"fusion-post-content-container\"><p> Eine zweite Chance  Ein Neuanfang: SOS-Menschenrechte st\u00e4rkt junge Asylsuchende in Linz mit einer zweiten Chance.  SOS-Menschenrechte, ein gemeinn\u00fctziger Verein f\u00fcr eine offene Gesellschaft, die von Demokratie, Pluralit\u00e4t und Toleranz gepr\u00e4gt ist, haben wir j\u00fcngst besucht. Denn die gesellschaftlichen und politischen Entwicklungen machen mich aktuell sehr nachdenklich.\u00a0 Man sollte tats\u00e4chlich wieder mehr mit den Menschen sprechen als blo\u00df \u00fcber sie. SOS-Menschenrechte betreut in Linz Fl\u00fcchtlinge, darunter auch in einer Wohngemeinschaft junge Frauen, die schlimme Erfahrungen hinter sich<\/p><\/div><\/div><\/div><div class=\"fusion-clearfix\"><\/div><\/div>\n<\/article>\n<article id=\"blog-2-post-5806\" class=\"fusion-post-grid post-5806 post type-post status-publish format-standard has-post-thumbnail hentry category-zeitgeschichte category-zeitlos\">\n<div class=\"fusion-post-wrapper\" style=\"background-color:rgba(255,255,255,0);border:1px solid #ebeaea;border-bottom-width:3px;\">\n\n\t\t\t<div class=\"fusion-flexslider flexslider fusion-flexslider-loading fusion-post-slideshow\" style=\"border-color:#ebeaea;\">\n\t\t<ul class=\"slides\">\n\t\t\t\n\t\t\t\t\t\t\t\t\t\t\t\t\t\t<li>\n\n<div  class=\"fusion-image-wrapper\" aria-haspopup=\"true\">\n\t\n\t\n\t\t\n\t\t\t\t\t<img loading=\"lazy\" decoding=\"async\" width=\"870\" height=\"500\" src=\"https:\/\/i0.wp.com\/www.city-magazin.at\/wp-content\/uploads\/2023\/03\/2023-04-Zeitgeschichte.png?fit=870%2C500&ssl=1\" class=\"attachment-full size-full wp-post-image\" alt=\"GL\u00dcHENDE BEGEISTERUNG. Berufsfeuerwehr Linz und Mitglieder der Freiwilligen Feuerwehren treten 1936 an der Donaul\u00e4nde auf der H\u00f6he des Parkbades zur Inspektion anl\u00e4sslich des 70. Gr\u00fcndungsfestes der Freiwilligen Feuerwehr Linz an.\" srcset=\"https:\/\/i0.wp.com\/www.city-magazin.at\/wp-content\/uploads\/2023\/03\/2023-04-Zeitgeschichte.png?resize=200%2C115&amp;ssl=1 200w, https:\/\/i0.wp.com\/www.city-magazin.at\/wp-content\/uploads\/2023\/03\/2023-04-Zeitgeschichte.png?resize=300%2C172&amp;ssl=1 300w, https:\/\/i0.wp.com\/www.city-magazin.at\/wp-content\/uploads\/2023\/03\/2023-04-Zeitgeschichte.png?resize=400%2C230&amp;ssl=1 400w, https:\/\/i0.wp.com\/www.city-magazin.at\/wp-content\/uploads\/2023\/03\/2023-04-Zeitgeschichte.png?resize=600%2C345&amp;ssl=1 600w, https:\/\/i0.wp.com\/www.city-magazin.at\/wp-content\/uploads\/2023\/03\/2023-04-Zeitgeschichte.png?resize=768%2C441&amp;ssl=1 768w, https:\/\/i0.wp.com\/www.city-magazin.at\/wp-content\/uploads\/2023\/03\/2023-04-Zeitgeschichte.png?resize=800%2C460&amp;ssl=1 800w, https:\/\/i0.wp.com\/www.city-magazin.at\/wp-content\/uploads\/2023\/03\/2023-04-Zeitgeschichte.png?fit=870%2C500&amp;ssl=1 870w\" sizes=\"auto, (min-width: 2200px) 100vw, (min-width: 784px) 373px, (min-width: 712px) 560px, (min-width: 640px) 712px, \" \/>\n\t\n\n\t\t<div class=\"fusion-rollover\">\n\t<div class=\"fusion-rollover-content\">\n\n\t\t\t\t\t\t\t\t\t\t\t\t\t\t<a class=\"fusion-rollover-link\" href=\"https:\/\/www.city-magazin.at\/index.php\/zeitgeschichte-berufsfeuerwehr-linz\/\">Zeitgeschichte Berufsfeuerwehr Linz<\/a>\n\t\t\t\n\t\t\t\t\t\t\t\t\t\t\t\t\t\t\n\t\t\t\t\t\t\t\t\n\t\t\t\t\t\t\t\t\t\t\t\t\t<div class=\"fusion-rollover-sep\"><\/div>\n\t\t\t\t\n\t\t\t\t\t\t\t\t\t\t\t\t\t\t\t\t\t\t<a class=\"fusion-rollover-gallery\" href=\"https:\/\/i0.wp.com\/www.city-magazin.at\/wp-content\/uploads\/2023\/03\/2023-04-Zeitgeschichte.png?fit=870%2C500&ssl=1\" data-id=\"5806\" data-rel=\"iLightbox[gallery]\" data-title=\"2023-04-Zeitgeschichte\" data-caption=\"GL\u00dcHENDE BEGEISTERUNG. Berufsfeuerwehr Linz und Mitglieder\nder Freiwilligen Feuerwehren treten 1936 an der Donaul\u00e4nde\nauf der H\u00f6he des Parkbades zur Inspektion anl\u00e4sslich des\n70. Gr\u00fcndungsfestes der Freiwilligen Feuerwehr Linz an.\">\n\t\t\t\t\t\tGallery\t\t\t\t\t<\/a>\n\t\t\t\t\t\t\t\t\t\t\t\t\t\t\n\t\t\t\t\n\t\t\t\t\t\t\t\t\t\t\t\t<h4 class=\"fusion-rollover-title\">\n\t\t\t\t\t<a href=\"https:\/\/www.city-magazin.at\/index.php\/zeitgeschichte-berufsfeuerwehr-linz\/\">\n\t\t\t\t\t\tZeitgeschichte Berufsfeuerwehr Linz\t\t\t\t\t<\/a>\n\t\t\t\t<\/h4>\n\t\t\t\n\t\t\t\t\t\t\t\t\t\t\t\t\t\t<div class=\"fusion-rollover-categories\"><a href=\"https:\/\/www.city-magazin.at\/index.php\/category\/zeitgeschichte\/\" rel=\"tag\">Zeitgeschichte<\/a>, <a href=\"https:\/\/www.city-magazin.at\/index.php\/category\/zeitlos\/\" rel=\"tag\">Zeitlos<\/a><\/div>\t\t\t\t\t\n\t\t\n\t\t\t\t<a class=\"fusion-link-wrapper\" href=\"https:\/\/www.city-magazin.at\/index.php\/zeitgeschichte-berufsfeuerwehr-linz\/\" aria-label=\"Zeitgeschichte Berufsfeuerwehr Linz\"><\/a>\n\t<\/div>\n<\/div>\n\n\t\n<\/div>\n<\/li>\n\t\t\t\n\t\t\t\n\t\t\t\t\t\t\t\t\t\t\t\t\t\t\t\t\t\t\t\t\t\t\t\t\t\t\t\t\t\t\t\t\t\t\t\t\t\t\t\t\t\t\t\t\t\t\t\t\t\t\t\t\t\t\t\t\t\t\t\t\t\t\t\t\t\t\t\t<\/ul>\n\t<\/div>\n\t<div class=\"fusion-post-content-wrapper\" style=\"padding:30px 25px 20px 25px;\"><div class=\"fusion-post-content post-content\"><h2 class=\"blog-shortcode-post-title entry-title\"><a href=\"https:\/\/www.city-magazin.at\/index.php\/zeitgeschichte-berufsfeuerwehr-linz\/\">Zeitgeschichte Berufsfeuerwehr Linz<\/a><\/h2><div class=\"fusion-post-content-container\"><p><p>    Ein brandneues Museum pr\u00e4sentiert in K\u00fcrze die Geschichte der Florianij\u00fcnger.   \u00a0 Begonnen hat alles mit einem Vortrag: Am 23. Oktober 1850 hielt Vinzenz Fink, der sp\u00e4tere Gr\u00fcnder und Obmann der Linzer Feuerwehr, eine Rede im Gemeinderat und konnte diesen sowie den B\u00fcrgermeister Reinhold K\u00f6rner von der Wichtigkeit einer Feuerwehr neben einer neuen Feuerordnung \u00fcberzeugen. <\/p>\n<\/p><\/div><\/div><\/div><div class=\"fusion-clearfix\"><\/div><\/div>\n<\/article>\n<div class=\"fusion-clearfix\"><\/div><\/div><\/div><div class=\"fusion-title title fusion-sep-none fusion-title-size-one\" style=\"margin-top:0px;margin-bottom:31px;\"><h1 class=\"title-heading-left\"><h1>Archivierte <span style=\"color: #e20714;\">Stories<\/span><\/h1><\/h1><\/div><div class=\"fusion-blog-shortcode fusion-blog-shortcode-3 fusion-blog-archive fusion-blog-layout-grid-wrapper fusion-blog-no\"><style type=\"text\/css\">.fusion-blog-shortcode-3 .fusion-blog-layout-grid .fusion-post-grid{padding:20px;}.fusion-blog-shortcode-3 .fusion-posts-container{margin-left: -20px !important; margin-right:-20px !important;}<\/style><div class=\"fusion-posts-container fusion-posts-container-no fusion-no-meta-info fusion-blog-rollover fusion-blog-layout-grid fusion-blog-layout-grid-3 isotope\" data-pages=\"11\" data-grid-col-space=\"40\" style=\"margin: -20px -20px 0;min-height:500px;\"><article id=\"blog-3-post-7408\" class=\"fusion-post-grid post-7408 post type-post status-publish format-standard has-post-thumbnail hentry category-allgemein category-archiv\">\n<div class=\"fusion-post-wrapper\" style=\"background-color:rgba(255,255,255,0);border:1px solid #ebeaea;border-bottom-width:3px;\">\n\n\t\t\t<div class=\"fusion-flexslider flexslider fusion-flexslider-loading fusion-post-slideshow\" style=\"border-color:#ebeaea;\">\n\t\t<ul class=\"slides\">\n\t\t\t\n\t\t\t\t\t\t\t\t\t\t\t\t\t\t<li>\n\n<div  class=\"fusion-image-wrapper\" aria-haspopup=\"true\">\n\t\n\t\n\t\t\n\t\t\t\t\t<img loading=\"lazy\" decoding=\"async\" width=\"1160\" height=\"700\" src=\"https:\/\/i0.wp.com\/www.city-magazin.at\/wp-content\/uploads\/2026\/02\/2026-03-Haudum-1.png?fit=1160%2C700&ssl=1\" class=\"attachment-full size-full wp-post-image\" alt=\"JETZT ZUM 75er mit T\u00f6rtchen. Siegfried Haudum \u2013 der Bart ist ab \u2013 mit Walter Witzany im Cafe Traxlmayr.\" srcset=\"https:\/\/i0.wp.com\/www.city-magazin.at\/wp-content\/uploads\/2026\/02\/2026-03-Haudum-1.png?resize=200%2C121&amp;ssl=1 200w, https:\/\/i0.wp.com\/www.city-magazin.at\/wp-content\/uploads\/2026\/02\/2026-03-Haudum-1.png?resize=300%2C181&amp;ssl=1 300w, https:\/\/i0.wp.com\/www.city-magazin.at\/wp-content\/uploads\/2026\/02\/2026-03-Haudum-1.png?resize=400%2C241&amp;ssl=1 400w, https:\/\/i0.wp.com\/www.city-magazin.at\/wp-content\/uploads\/2026\/02\/2026-03-Haudum-1.png?resize=600%2C362&amp;ssl=1 600w, https:\/\/i0.wp.com\/www.city-magazin.at\/wp-content\/uploads\/2026\/02\/2026-03-Haudum-1.png?resize=768%2C463&amp;ssl=1 768w, https:\/\/i0.wp.com\/www.city-magazin.at\/wp-content\/uploads\/2026\/02\/2026-03-Haudum-1.png?resize=800%2C483&amp;ssl=1 800w, https:\/\/i0.wp.com\/www.city-magazin.at\/wp-content\/uploads\/2026\/02\/2026-03-Haudum-1.png?resize=1024%2C618&amp;ssl=1 1024w, https:\/\/i0.wp.com\/www.city-magazin.at\/wp-content\/uploads\/2026\/02\/2026-03-Haudum-1.png?fit=1160%2C700&amp;ssl=1 1160w\" sizes=\"auto, (min-width: 2200px) 100vw, (min-width: 784px) 373px, (min-width: 712px) 560px, (min-width: 640px) 712px, \" \/>\n\t\n\n\t\t<div class=\"fusion-rollover\">\n\t<div class=\"fusion-rollover-content\">\n\n\t\t\t\t\t\t\t\t\t\t\t\t\t\t<a class=\"fusion-rollover-link\" href=\"https:\/\/www.city-magazin.at\/index.php\/witzany-trifft-siegfried-haudum\/\">WITZANY TRIFFT Siegfried Haudum<\/a>\n\t\t\t\n\t\t\t\t\t\t\t\t\t\t\t\t\t\t\n\t\t\t\t\t\t\t\t\n\t\t\t\t\t\t\t\t\t\t\t\t\t<div class=\"fusion-rollover-sep\"><\/div>\n\t\t\t\t\n\t\t\t\t\t\t\t\t\t\t\t\t\t\t\t\t\t\t<a class=\"fusion-rollover-gallery\" href=\"https:\/\/i0.wp.com\/www.city-magazin.at\/wp-content\/uploads\/2026\/02\/2026-03-Haudum-1.png?fit=1160%2C700&ssl=1\" data-id=\"7408\" data-rel=\"iLightbox[gallery]\" data-title=\"2026-03-Haudum-1\" data-caption=\"JETZT ZUM 75er mit T\u00f6rtchen. \nSiegfried Haudum \u2013 der Bart ist ab \u2013 mit\n Walter Witzany im Cafe Traxlmayr.\">\n\t\t\t\t\t\tGallery\t\t\t\t\t<\/a>\n\t\t\t\t\t\t\t\t\t\t\t\t\t\t\n\t\t\t\t\n\t\t\t\t\t\t\t\t\t\t\t\t<h4 class=\"fusion-rollover-title\">\n\t\t\t\t\t<a href=\"https:\/\/www.city-magazin.at\/index.php\/witzany-trifft-siegfried-haudum\/\">\n\t\t\t\t\t\tWITZANY TRIFFT Siegfried Haudum\t\t\t\t\t<\/a>\n\t\t\t\t<\/h4>\n\t\t\t\n\t\t\t\t\t\t\t\t\t\t\t\t\t\t<div class=\"fusion-rollover-categories\"><a href=\"https:\/\/www.city-magazin.at\/index.php\/category\/allgemein\/\" rel=\"tag\">Allgemein<\/a>, <a href=\"https:\/\/www.city-magazin.at\/index.php\/category\/archiv\/\" rel=\"tag\">Archiv<\/a><\/div>\t\t\t\t\t\n\t\t\n\t\t\t\t<a class=\"fusion-link-wrapper\" href=\"https:\/\/www.city-magazin.at\/index.php\/witzany-trifft-siegfried-haudum\/\" aria-label=\"WITZANY TRIFFT Siegfried Haudum\"><\/a>\n\t<\/div>\n<\/div>\n\n\t\n<\/div>\n<\/li>\n\t\t\t\n\t\t\t\n\t\t\t\t\t\t\t\t\t\t\t\t\t\t\t\t\t\t\t\t\t\t\t\t\t\t\t\t\t\t\t\t\t\t\t\t\t\t\t\t\t\t\t\t\t\t\t\t\t\t\t\t\t\t\t\t\t\t\t\t\t\t\t\t\t\t\t\t<\/ul>\n\t<\/div>\n\t<div class=\"fusion-post-content-wrapper\" style=\"padding:30px 25px 20px 25px;\"><div class=\"fusion-post-content post-content\"><h2 class=\"blog-shortcode-post-title entry-title\"><a href=\"https:\/\/www.city-magazin.at\/index.php\/witzany-trifft-siegfried-haudum\/\">WITZANY TRIFFT Siegfried Haudum<\/a><\/h2><div class=\"fusion-post-content-container\"><p><p>    Mut zum Neuanfang\u00a0  HiFi-TV-Video-Pionier Siegfried Haudum \u00fcber Aufstieg und Umbruch in neue Zeiten.   Diesmal ist bei mir ein ehemaliger Unternehmer zu Gast, der \u00fcber Jahrzehnte hinweg das Geschehen der Unterhaltungselektronik in Ober\u00f6sterreich gepr\u00e4gt hat: Siegfried Haudum. <\/p>\n<\/p><\/div><\/div><\/div><div class=\"fusion-clearfix\"><\/div><\/div>\n<\/article>\n<article id=\"blog-3-post-6957\" class=\"fusion-post-grid post-6957 post type-post status-publish format-standard has-post-thumbnail hentry category-allgemein category-archiv\">\n<div class=\"fusion-post-wrapper\" style=\"background-color:rgba(255,255,255,0);border:1px solid #ebeaea;border-bottom-width:3px;\">\n\n\t\t\t<div class=\"fusion-flexslider flexslider fusion-flexslider-loading fusion-post-slideshow\" style=\"border-color:#ebeaea;\">\n\t\t<ul class=\"slides\">\n\t\t\t\n\t\t\t\t\t\t\t\t\t\t\t\t\t\t<li>\n\n<div  class=\"fusion-image-wrapper\" aria-haspopup=\"true\">\n\t\n\t\n\t\t\n\t\t\t\t\t<img loading=\"lazy\" decoding=\"async\" width=\"933\" height=\"700\" src=\"https:\/\/i0.wp.com\/www.city-magazin.at\/wp-content\/uploads\/2025\/05\/2025-05-Herzog-1.png?fit=933%2C700&ssl=1\" class=\"attachment-full size-full wp-post-image\" alt=\"ZWEI MIT SENDUNGSBEWUSSTSEIN. Das CITY! hat die beiden Moderatoren nach einer gef\u00fchlten Ewigkeit wieder zusammengebracht. Weitere Fotos vom Wiedersehen auf www.city-magazin.at\" srcset=\"https:\/\/i0.wp.com\/www.city-magazin.at\/wp-content\/uploads\/2025\/05\/2025-05-Herzog-1.png?resize=200%2C150&amp;ssl=1 200w, https:\/\/i0.wp.com\/www.city-magazin.at\/wp-content\/uploads\/2025\/05\/2025-05-Herzog-1.png?resize=300%2C225&amp;ssl=1 300w, https:\/\/i0.wp.com\/www.city-magazin.at\/wp-content\/uploads\/2025\/05\/2025-05-Herzog-1.png?resize=400%2C300&amp;ssl=1 400w, https:\/\/i0.wp.com\/www.city-magazin.at\/wp-content\/uploads\/2025\/05\/2025-05-Herzog-1.png?resize=600%2C450&amp;ssl=1 600w, https:\/\/i0.wp.com\/www.city-magazin.at\/wp-content\/uploads\/2025\/05\/2025-05-Herzog-1.png?resize=768%2C576&amp;ssl=1 768w, https:\/\/i0.wp.com\/www.city-magazin.at\/wp-content\/uploads\/2025\/05\/2025-05-Herzog-1.png?resize=800%2C600&amp;ssl=1 800w, https:\/\/i0.wp.com\/www.city-magazin.at\/wp-content\/uploads\/2025\/05\/2025-05-Herzog-1.png?fit=933%2C700&amp;ssl=1 933w\" sizes=\"auto, (min-width: 2200px) 100vw, (min-width: 784px) 373px, (min-width: 712px) 560px, (min-width: 640px) 712px, \" \/>\n\t\n\n\t\t<div class=\"fusion-rollover\">\n\t<div class=\"fusion-rollover-content\">\n\n\t\t\t\t\t\t\t\t\t\t\t\t\t\t<a class=\"fusion-rollover-link\" href=\"https:\/\/www.city-magazin.at\/index.php\/witzany-trifft-werner-herzog\/\">WITZANY trifft Werner Herzog<\/a>\n\t\t\t\n\t\t\t\t\t\t\t\t\t\t\t\t\t\t\n\t\t\t\t\t\t\t\t\n\t\t\t\t\t\t\t\t\t\t\t\t\t<div class=\"fusion-rollover-sep\"><\/div>\n\t\t\t\t\n\t\t\t\t\t\t\t\t\t\t\t\t\t\t\t\t\t\t<a class=\"fusion-rollover-gallery\" href=\"https:\/\/i0.wp.com\/www.city-magazin.at\/wp-content\/uploads\/2025\/05\/2025-05-Herzog-1.png?fit=933%2C700&ssl=1\" data-id=\"6957\" data-rel=\"iLightbox[gallery]\" data-title=\"2025-05-Herzog-1\" data-caption=\"ZWEI MIT SENDUNGSBEWUSSTSEIN.\nDas CITY! hat die beiden Moderatoren nach einer gef\u00fchlten Ewigkeit wieder\nzusammengebracht. www.city-magazin.at\">\n\t\t\t\t\t\tGallery\t\t\t\t\t<\/a>\n\t\t\t\t\t\t\t\t\t\t\t\t\t\t\n\t\t\t\t\n\t\t\t\t\t\t\t\t\t\t\t\t<h4 class=\"fusion-rollover-title\">\n\t\t\t\t\t<a href=\"https:\/\/www.city-magazin.at\/index.php\/witzany-trifft-werner-herzog\/\">\n\t\t\t\t\t\tWITZANY trifft Werner Herzog\t\t\t\t\t<\/a>\n\t\t\t\t<\/h4>\n\t\t\t\n\t\t\t\t\t\t\t\t\t\t\t\t\t\t<div class=\"fusion-rollover-categories\"><a href=\"https:\/\/www.city-magazin.at\/index.php\/category\/allgemein\/\" rel=\"tag\">Allgemein<\/a>, <a href=\"https:\/\/www.city-magazin.at\/index.php\/category\/archiv\/\" rel=\"tag\">Archiv<\/a><\/div>\t\t\t\t\t\n\t\t\n\t\t\t\t<a class=\"fusion-link-wrapper\" href=\"https:\/\/www.city-magazin.at\/index.php\/witzany-trifft-werner-herzog\/\" aria-label=\"WITZANY trifft Werner Herzog\"><\/a>\n\t<\/div>\n<\/div>\n\n\t\n<\/div>\n<\/li>\n\t\t\t\n\t\t\t\n\t\t\t\t\t\t\t\t\t\t\t\t\t\t\t\t\t\t\t\t\t\t\t\t\t\t\t\t\t\t\t\t\t\t\t\t\t\t\t\t\t\t\t\t\t\t\t\t\t\t\t\t\t\t\t\t\t\t\t\t\t\t\t\t\t\t\t\t<\/ul>\n\t<\/div>\n\t<div class=\"fusion-post-content-wrapper\" style=\"padding:30px 25px 20px 25px;\"><div class=\"fusion-post-content post-content\"><h2 class=\"blog-shortcode-post-title entry-title\"><a href=\"https:\/\/www.city-magazin.at\/index.php\/witzany-trifft-werner-herzog\/\">WITZANY trifft Werner Herzog<\/a><\/h2><div class=\"fusion-post-content-container\"><p><p>    RADIOLEGENDEN unter sich  Nach langer Zeit sahen sich Walter Witzany und Werner Herzog endlich wieder.   Diesmal hatte ich mit meinem lieben Kollegen Werner Herzog endlich die M\u00f6glichkeit, unsere gemeinsame \u201eradioaktive\u201d T\u00e4tigkeit beim ORF Revue passieren zu lassen. Anlass f\u00fcr dieses nostalgische Treffen und das Interview im Linzer Caf\u00e9 Traxlmayr war sein nahender 75er im Mai. <\/p>\n<\/p><\/div><\/div><\/div><div class=\"fusion-clearfix\"><\/div><\/div>\n<\/article>\n<article id=\"blog-3-post-6892\" class=\"fusion-post-grid post-6892 post type-post status-publish format-standard has-post-thumbnail hentry category-allgemein category-archiv\">\n<div class=\"fusion-post-wrapper\" style=\"background-color:rgba(255,255,255,0);border:1px solid #ebeaea;border-bottom-width:3px;\">\n\n\t\t\t<div class=\"fusion-flexslider flexslider fusion-flexslider-loading fusion-post-slideshow\" style=\"border-color:#ebeaea;\">\n\t\t<ul class=\"slides\">\n\t\t\t\n\t\t\t\t\t\t\t\t\t\t\t\t\t\t<li>\n\n<div  class=\"fusion-image-wrapper\" aria-haspopup=\"true\">\n\t\n\t\n\t\t\n\t\t\t\t\t<img loading=\"lazy\" decoding=\"async\" width=\"1125\" height=\"750\" src=\"https:\/\/i0.wp.com\/www.city-magazin.at\/wp-content\/uploads\/2025\/03\/2025-04-Geld-machen-1.png?fit=1125%2C750&ssl=1\" class=\"attachment-full size-full wp-post-image\" alt=\"GELDENTWERTUNG STOPPEN. HYPO-Chef Klaus Kumpfm\u00fcller empfiehlt einen breiten Veranlagungsmix und eine eiserne Reserve.\" srcset=\"https:\/\/i0.wp.com\/www.city-magazin.at\/wp-content\/uploads\/2025\/03\/2025-04-Geld-machen-1.png?resize=200%2C133&amp;ssl=1 200w, https:\/\/i0.wp.com\/www.city-magazin.at\/wp-content\/uploads\/2025\/03\/2025-04-Geld-machen-1.png?resize=300%2C200&amp;ssl=1 300w, https:\/\/i0.wp.com\/www.city-magazin.at\/wp-content\/uploads\/2025\/03\/2025-04-Geld-machen-1.png?resize=400%2C267&amp;ssl=1 400w, https:\/\/i0.wp.com\/www.city-magazin.at\/wp-content\/uploads\/2025\/03\/2025-04-Geld-machen-1.png?resize=600%2C400&amp;ssl=1 600w, https:\/\/i0.wp.com\/www.city-magazin.at\/wp-content\/uploads\/2025\/03\/2025-04-Geld-machen-1.png?resize=768%2C512&amp;ssl=1 768w, https:\/\/i0.wp.com\/www.city-magazin.at\/wp-content\/uploads\/2025\/03\/2025-04-Geld-machen-1.png?resize=800%2C533&amp;ssl=1 800w, https:\/\/i0.wp.com\/www.city-magazin.at\/wp-content\/uploads\/2025\/03\/2025-04-Geld-machen-1.png?resize=1024%2C683&amp;ssl=1 1024w, https:\/\/i0.wp.com\/www.city-magazin.at\/wp-content\/uploads\/2025\/03\/2025-04-Geld-machen-1.png?fit=1125%2C750&amp;ssl=1 1125w\" sizes=\"auto, (min-width: 2200px) 100vw, (min-width: 784px) 373px, (min-width: 712px) 560px, (min-width: 640px) 712px, \" \/>\n\t\n\n\t\t<div class=\"fusion-rollover\">\n\t<div class=\"fusion-rollover-content\">\n\n\t\t\t\t\t\t\t\t\t\t\t\t\t\t<a class=\"fusion-rollover-link\" href=\"https:\/\/www.city-magazin.at\/index.php\/geldanlage-neu-bedenken\/\">Geldanlage neu bedenken<\/a>\n\t\t\t\n\t\t\t\t\t\t\t\t\t\t\t\t\t\t\n\t\t\t\t\t\t\t\t\n\t\t\t\t\t\t\t\t\t\t\t\t\t<div class=\"fusion-rollover-sep\"><\/div>\n\t\t\t\t\n\t\t\t\t\t\t\t\t\t\t\t\t\t\t\t\t\t\t<a class=\"fusion-rollover-gallery\" href=\"https:\/\/i0.wp.com\/www.city-magazin.at\/wp-content\/uploads\/2025\/03\/2025-04-Geld-machen-1.png?fit=1125%2C750&ssl=1\" data-id=\"6892\" data-rel=\"iLightbox[gallery]\" data-title=\"2025-04-Geld-machen-1\" data-caption=\"GELDENTWERTUNG STOPPEN.\nHYPO-Chef Klaus Kumpfm\u00fcller empfiehlt\neinen breiten Veranlagungsmix und eine eiserne Reserve.\">\n\t\t\t\t\t\tGallery\t\t\t\t\t<\/a>\n\t\t\t\t\t\t\t\t\t\t\t\t\t\t\n\t\t\t\t\n\t\t\t\t\t\t\t\t\t\t\t\t<h4 class=\"fusion-rollover-title\">\n\t\t\t\t\t<a href=\"https:\/\/www.city-magazin.at\/index.php\/geldanlage-neu-bedenken\/\">\n\t\t\t\t\t\tGeldanlage neu bedenken\t\t\t\t\t<\/a>\n\t\t\t\t<\/h4>\n\t\t\t\n\t\t\t\t\t\t\t\t\t\t\t\t\t\t<div class=\"fusion-rollover-categories\"><a href=\"https:\/\/www.city-magazin.at\/index.php\/category\/allgemein\/\" rel=\"tag\">Allgemein<\/a>, <a href=\"https:\/\/www.city-magazin.at\/index.php\/category\/archiv\/\" rel=\"tag\">Archiv<\/a><\/div>\t\t\t\t\t\n\t\t\n\t\t\t\t<a class=\"fusion-link-wrapper\" href=\"https:\/\/www.city-magazin.at\/index.php\/geldanlage-neu-bedenken\/\" aria-label=\"Geldanlage neu bedenken\"><\/a>\n\t<\/div>\n<\/div>\n\n\t\n<\/div>\n<\/li>\n\t\t\t\n\t\t\t\n\t\t\t\t\t\t\t\t\t\t\t\t\t\t\t\t\t\t\t\t\t\t\t\t\t\t\t\t\t\t\t\t\t\t\t\t\t\t\t\t\t\t\t\t\t\t\t\t\t\t\t\t\t\t\t\t\t\t\t\t\t\t\t\t\t\t\t\t<\/ul>\n\t<\/div>\n\t<div class=\"fusion-post-content-wrapper\" style=\"padding:30px 25px 20px 25px;\"><div class=\"fusion-post-content post-content\"><h2 class=\"blog-shortcode-post-title entry-title\"><a href=\"https:\/\/www.city-magazin.at\/index.php\/geldanlage-neu-bedenken\/\">Geldanlage neu bedenken<\/a><\/h2><div class=\"fusion-post-content-container\"><p><p>    Mehr aus seinem Geld machen\u00a0  In Zeiten fallender Zinsen lohnt es schon, wenn Hab und Gut nicht weniger wert werden.\u00a0   Geld allein macht nat\u00fcrlich nicht gl\u00fccklich. Aber wenn man \u2013 frei nach TV-Legende Josef \u201eJoki\u201c Kirschner \u2013 \u201erechtzeitig drauf schaut, dass man`s hat, wenn man es braucht\u201c, dann ist Geld ein beruhigendes Komfortpolster. Doch es ist momentan alles andere als einfach, dem Motto des Fernsehstars aus den Achtzigern gerecht zu werden. <\/p>\n<\/p><\/div><\/div><\/div><div class=\"fusion-clearfix\"><\/div><\/div>\n<\/article>\n<article id=\"blog-3-post-6805\" class=\"fusion-post-grid post-6805 post type-post status-publish format-standard has-post-thumbnail hentry category-archiv category-leute\">\n<div class=\"fusion-post-wrapper\" style=\"background-color:rgba(255,255,255,0);border:1px solid #ebeaea;border-bottom-width:3px;\">\n\n\t\t\t<div class=\"fusion-flexslider flexslider fusion-flexslider-loading fusion-post-slideshow\" style=\"border-color:#ebeaea;\">\n\t\t<ul class=\"slides\">\n\t\t\t\n\t\t\t\t\t\t\t\t\t\t\t\t\t\t<li>\n\n<div  class=\"fusion-image-wrapper\" aria-haspopup=\"true\">\n\t\n\t\n\t\t\n\t\t\t\t\t<img loading=\"lazy\" decoding=\"async\" width=\"753\" height=\"500\" src=\"https:\/\/i0.wp.com\/www.city-magazin.at\/wp-content\/uploads\/2025\/02\/2025-02-BGM-Prammer-1.png?fit=753%2C500&ssl=1\" class=\"attachment-full size-full wp-post-image\" alt=\"AUF EIN KAFFEETSCHERL IM TRAXLMAYR. Dietmar Prammer im Gespr\u00e4ch mit Walter Witzany.\" srcset=\"https:\/\/i0.wp.com\/www.city-magazin.at\/wp-content\/uploads\/2025\/02\/2025-02-BGM-Prammer-1.png?resize=200%2C133&amp;ssl=1 200w, https:\/\/i0.wp.com\/www.city-magazin.at\/wp-content\/uploads\/2025\/02\/2025-02-BGM-Prammer-1.png?resize=300%2C199&amp;ssl=1 300w, https:\/\/i0.wp.com\/www.city-magazin.at\/wp-content\/uploads\/2025\/02\/2025-02-BGM-Prammer-1.png?resize=400%2C266&amp;ssl=1 400w, https:\/\/i0.wp.com\/www.city-magazin.at\/wp-content\/uploads\/2025\/02\/2025-02-BGM-Prammer-1.png?resize=600%2C398&amp;ssl=1 600w, https:\/\/i0.wp.com\/www.city-magazin.at\/wp-content\/uploads\/2025\/02\/2025-02-BGM-Prammer-1.png?fit=753%2C500&amp;ssl=1 753w\" sizes=\"auto, (min-width: 2200px) 100vw, (min-width: 784px) 373px, (min-width: 712px) 560px, (min-width: 640px) 712px, \" \/>\n\t\n\n\t\t<div class=\"fusion-rollover\">\n\t<div class=\"fusion-rollover-content\">\n\n\t\t\t\t\t\t\t\t\t\t\t\t\t\t<a class=\"fusion-rollover-link\" href=\"https:\/\/www.city-magazin.at\/index.php\/interview-mit-didi\/\">Interview mit Didi<\/a>\n\t\t\t\n\t\t\t\t\t\t\t\t\t\t\t\t\t\t\n\t\t\t\t\t\t\t\t\n\t\t\t\t\t\t\t\t\t\t\t\t\t<div class=\"fusion-rollover-sep\"><\/div>\n\t\t\t\t\n\t\t\t\t\t\t\t\t\t\t\t\t\t\t\t\t\t\t<a class=\"fusion-rollover-gallery\" href=\"https:\/\/i0.wp.com\/www.city-magazin.at\/wp-content\/uploads\/2025\/02\/2025-02-BGM-Prammer-1.png?fit=753%2C500&ssl=1\" data-id=\"6805\" data-rel=\"iLightbox[gallery]\" data-title=\"2025-02-BGM-Prammer-1\" data-caption=\"AUF EIN KAFFEETSCHERL IM TRAXLMAYR.\nDietmar Prammer im Gespr\u00e4ch mit Walter Witzany.\">\n\t\t\t\t\t\tGallery\t\t\t\t\t<\/a>\n\t\t\t\t\t\t\t\t\t\t\t\t\t\t\n\t\t\t\t\n\t\t\t\t\t\t\t\t\t\t\t\t<h4 class=\"fusion-rollover-title\">\n\t\t\t\t\t<a href=\"https:\/\/www.city-magazin.at\/index.php\/interview-mit-didi\/\">\n\t\t\t\t\t\tInterview mit Didi\t\t\t\t\t<\/a>\n\t\t\t\t<\/h4>\n\t\t\t\n\t\t\t\t\t\t\t\t\t\t\t\t\t\t<div class=\"fusion-rollover-categories\"><a href=\"https:\/\/www.city-magazin.at\/index.php\/category\/archiv\/\" rel=\"tag\">Archiv<\/a>, <a href=\"https:\/\/www.city-magazin.at\/index.php\/category\/leute\/\" rel=\"tag\">Leute<\/a><\/div>\t\t\t\t\t\n\t\t\n\t\t\t\t<a class=\"fusion-link-wrapper\" href=\"https:\/\/www.city-magazin.at\/index.php\/interview-mit-didi\/\" aria-label=\"Interview mit Didi\"><\/a>\n\t<\/div>\n<\/div>\n\n\t\n<\/div>\n<\/li>\n\t\t\t\n\t\t\t\n\t\t\t\t\t\t\t\t\t\t\t\t\t\t\t\t\t\t\t\t\t\t\t\t\t\t\t\t\t\t\t\t\t\t\t\t\t\t\t\t\t\t\t\t\t\t\t\t\t\t\t\t\t\t\t\t\t\t\t\t\t\t\t\t\t\t\t\t<\/ul>\n\t<\/div>\n\t<div class=\"fusion-post-content-wrapper\" style=\"padding:30px 25px 20px 25px;\"><div class=\"fusion-post-content post-content\"><h2 class=\"blog-shortcode-post-title entry-title\"><a href=\"https:\/\/www.city-magazin.at\/index.php\/interview-mit-didi\/\">Interview mit Didi<\/a><\/h2><div class=\"fusion-post-content-container\"><p><p>    Der neue B\u00fcrgermeister  Dietmar \u201eDidi\u201d Prammer (SP\u00d6) \u00fcbersiedelt jetzt bald in das Alte Linzer Rathaus.   Das City! Magazin setzte im Cafe Traxlmayr einmal mehr auf frisch Gebackenes. Daher war es mir eine Freude, den neuen Linzer B\u00fcrgermeister Dietmar Prammer (SP\u00d6) begr\u00fc\u00dfen zu d\u00fcrfen. Er hat seinen runden 50er nun also mit einem Karrieresprung gekr\u00f6nt und einiges f\u00fcr Linz vor. <\/p>\n<\/p><\/div><\/div><\/div><div class=\"fusion-clearfix\"><\/div><\/div>\n<\/article>\n<article id=\"blog-3-post-6639\" class=\"fusion-post-grid post-6639 post type-post status-publish format-standard has-post-thumbnail hentry category-allgemein category-archiv\">\n<div class=\"fusion-post-wrapper\" style=\"background-color:rgba(255,255,255,0);border:1px solid #ebeaea;border-bottom-width:3px;\">\n\n\t\t\t<div class=\"fusion-flexslider flexslider fusion-flexslider-loading fusion-post-slideshow\" style=\"border-color:#ebeaea;\">\n\t\t<ul class=\"slides\">\n\t\t\t\n\t\t\t\t\t\t\t\t\t\t\t\t\t\t<li>\n\n<div  class=\"fusion-image-wrapper\" aria-haspopup=\"true\">\n\t\n\t\n\t\t\n\t\t\t\t\t<img loading=\"lazy\" decoding=\"async\" width=\"889\" height=\"500\" src=\"https:\/\/i0.wp.com\/www.city-magazin.at\/wp-content\/uploads\/2024\/11\/2024-11-StelzerHaimbuchner.png?fit=889%2C500&ssl=1\" class=\"attachment-full size-full wp-post-image\" alt=\"ERFOLGSDUO. LH Stv. Manfred Haimbuchner und LH Thomas Stelzer (v.l.).\" srcset=\"https:\/\/i0.wp.com\/www.city-magazin.at\/wp-content\/uploads\/2024\/11\/2024-11-StelzerHaimbuchner.png?resize=200%2C112&amp;ssl=1 200w, https:\/\/i0.wp.com\/www.city-magazin.at\/wp-content\/uploads\/2024\/11\/2024-11-StelzerHaimbuchner.png?resize=300%2C169&amp;ssl=1 300w, https:\/\/i0.wp.com\/www.city-magazin.at\/wp-content\/uploads\/2024\/11\/2024-11-StelzerHaimbuchner.png?resize=400%2C225&amp;ssl=1 400w, https:\/\/i0.wp.com\/www.city-magazin.at\/wp-content\/uploads\/2024\/11\/2024-11-StelzerHaimbuchner.png?resize=600%2C337&amp;ssl=1 600w, https:\/\/i0.wp.com\/www.city-magazin.at\/wp-content\/uploads\/2024\/11\/2024-11-StelzerHaimbuchner.png?resize=768%2C432&amp;ssl=1 768w, https:\/\/i0.wp.com\/www.city-magazin.at\/wp-content\/uploads\/2024\/11\/2024-11-StelzerHaimbuchner.png?resize=800%2C450&amp;ssl=1 800w, https:\/\/i0.wp.com\/www.city-magazin.at\/wp-content\/uploads\/2024\/11\/2024-11-StelzerHaimbuchner.png?fit=889%2C500&amp;ssl=1 889w\" sizes=\"auto, (min-width: 2200px) 100vw, (min-width: 784px) 373px, (min-width: 712px) 560px, (min-width: 640px) 712px, \" \/>\n\t\n\n\t\t<div class=\"fusion-rollover\">\n\t<div class=\"fusion-rollover-content\">\n\n\t\t\t\t\t\t\t\t\t\t\t\t\t\t<a class=\"fusion-rollover-link\" href=\"https:\/\/www.city-magazin.at\/index.php\/halbzeitbilanz-oberoesterreich-auf-dem-weg-zur-landtagswahl-2027\/\">Halbzeitbilanz: Ober\u00f6sterreich auf dem Weg zur Landtagswahl 2027<\/a>\n\t\t\t\n\t\t\t\t\t\t\t\t\t\t\t\t\t\t\n\t\t\t\t\t\t\t\t\n\t\t\t\t\t\t\t\t\t\t\t\t\t<div class=\"fusion-rollover-sep\"><\/div>\n\t\t\t\t\n\t\t\t\t\t\t\t\t\t\t\t\t\t\t\t\t\t\t<a class=\"fusion-rollover-gallery\" href=\"https:\/\/i0.wp.com\/www.city-magazin.at\/wp-content\/uploads\/2024\/11\/2024-11-StelzerHaimbuchner.png?fit=889%2C500&ssl=1\" data-id=\"6639\" data-rel=\"iLightbox[gallery]\" data-title=\"2024-11-Stelzer&amp;Haimbuchner\" data-caption=\"ERFOLGSDUO.\nLH Stv. Manfred Haimbuchner und LH Thomas Stelzer (v.l.).\">\n\t\t\t\t\t\tGallery\t\t\t\t\t<\/a>\n\t\t\t\t\t\t\t\t\t\t\t\t\t\t\n\t\t\t\t\n\t\t\t\t\t\t\t\t\t\t\t\t<h4 class=\"fusion-rollover-title\">\n\t\t\t\t\t<a href=\"https:\/\/www.city-magazin.at\/index.php\/halbzeitbilanz-oberoesterreich-auf-dem-weg-zur-landtagswahl-2027\/\">\n\t\t\t\t\t\tHalbzeitbilanz: Ober\u00f6sterreich auf dem Weg zur Landtagswahl 2027\t\t\t\t\t<\/a>\n\t\t\t\t<\/h4>\n\t\t\t\n\t\t\t\t\t\t\t\t\t\t\t\t\t\t<div class=\"fusion-rollover-categories\"><a href=\"https:\/\/www.city-magazin.at\/index.php\/category\/allgemein\/\" rel=\"tag\">Allgemein<\/a>, <a href=\"https:\/\/www.city-magazin.at\/index.php\/category\/archiv\/\" rel=\"tag\">Archiv<\/a><\/div>\t\t\t\t\t\n\t\t\n\t\t\t\t<a class=\"fusion-link-wrapper\" href=\"https:\/\/www.city-magazin.at\/index.php\/halbzeitbilanz-oberoesterreich-auf-dem-weg-zur-landtagswahl-2027\/\" aria-label=\"Halbzeitbilanz: Ober\u00f6sterreich auf dem Weg zur Landtagswahl 2027\"><\/a>\n\t<\/div>\n<\/div>\n\n\t\n<\/div>\n<\/li>\n\t\t\t\n\t\t\t\n\t\t\t\t\t\t\t\t\t\t\t\t\t\t\t\t\t\t\t\t\t\t\t\t\t\t\t\t\t\t\t\t\t\t\t\t\t\t\t\t\t\t\t\t\t\t\t\t\t\t\t\t\t\t\t\t\t\t\t\t\t\t\t\t\t\t\t\t<\/ul>\n\t<\/div>\n\t<div class=\"fusion-post-content-wrapper\" style=\"padding:30px 25px 20px 25px;\"><div class=\"fusion-post-content post-content\"><h2 class=\"blog-shortcode-post-title entry-title\"><a href=\"https:\/\/www.city-magazin.at\/index.php\/halbzeitbilanz-oberoesterreich-auf-dem-weg-zur-landtagswahl-2027\/\">Halbzeitbilanz: Ober\u00f6sterreich auf dem Weg zur Landtagswahl 2027<\/a><\/h2><div class=\"fusion-post-content-container\"><p><p>    Hier funktioniert SCHWARZ-BLAU   Halbzeitbilanz in Ober\u00f6sterreich. Genau drei Jahre nach den letzten und 36 Monate vor den n\u00e4chsten Landtags- und Gemeinderatswahlen im Jahr 2027 bilanzierten O\u00d6VP-Landeshauptmann Thomas Stelzer und sein Vize FP-Landesparteichef Manfred Haimbuchner \u00fcber das Erreichte und noch zu Verwirklichende im Land ob der Enns. <\/p>\n<\/p><\/div><\/div><\/div><div class=\"fusion-clearfix\"><\/div><\/div>\n<\/article>\n<article id=\"blog-3-post-6554\" class=\"fusion-post-grid post-6554 post type-post status-publish format-standard has-post-thumbnail hentry category-allgemein category-archiv category-leute category-stadt\">\n<div class=\"fusion-post-wrapper\" style=\"background-color:rgba(255,255,255,0);border:1px solid #ebeaea;border-bottom-width:3px;\">\n\n\t\t\t<div class=\"fusion-flexslider flexslider fusion-flexslider-loading fusion-post-slideshow\" style=\"border-color:#ebeaea;\">\n\t\t<ul class=\"slides\">\n\t\t\t\n\t\t\t\t\t\t\t\t\t\t\t\t\t\t<li>\n\n<div  class=\"fusion-image-wrapper\" aria-haspopup=\"true\">\n\t\n\t\n\t\t\n\t\t\t\t\t<img loading=\"lazy\" decoding=\"async\" width=\"750\" height=\"422\" src=\"https:\/\/i0.wp.com\/www.city-magazin.at\/wp-content\/uploads\/2024\/09\/2024-09-Steyrdorfladen-1.png?fit=750%2C422&ssl=1\" class=\"attachment-full size-full wp-post-image\" alt=\"GUT SORTIERT. Der Gro\u00dfteil der Waren stammt aus der Region.\" srcset=\"https:\/\/i0.wp.com\/www.city-magazin.at\/wp-content\/uploads\/2024\/09\/2024-09-Steyrdorfladen-1.png?resize=200%2C113&amp;ssl=1 200w, https:\/\/i0.wp.com\/www.city-magazin.at\/wp-content\/uploads\/2024\/09\/2024-09-Steyrdorfladen-1.png?resize=300%2C169&amp;ssl=1 300w, https:\/\/i0.wp.com\/www.city-magazin.at\/wp-content\/uploads\/2024\/09\/2024-09-Steyrdorfladen-1.png?resize=400%2C225&amp;ssl=1 400w, https:\/\/i0.wp.com\/www.city-magazin.at\/wp-content\/uploads\/2024\/09\/2024-09-Steyrdorfladen-1.png?resize=600%2C338&amp;ssl=1 600w, https:\/\/i0.wp.com\/www.city-magazin.at\/wp-content\/uploads\/2024\/09\/2024-09-Steyrdorfladen-1.png?fit=750%2C422&amp;ssl=1 750w\" sizes=\"auto, (min-width: 2200px) 100vw, (min-width: 784px) 373px, (min-width: 712px) 560px, (min-width: 640px) 712px, \" \/>\n\t\n\n\t\t<div class=\"fusion-rollover\">\n\t<div class=\"fusion-rollover-content\">\n\n\t\t\t\t\t\t\t\t\t\t\t\t\t\t<a class=\"fusion-rollover-link\" href=\"https:\/\/www.city-magazin.at\/index.php\/helden-der-nahversorgung\/\">Helden der Nahversorgung<\/a>\n\t\t\t\n\t\t\t\t\t\t\t\t\t\t\t\t\t\t\n\t\t\t\t\t\t\t\t\n\t\t\t\t\t\t\t\t\t\t\t\t\t<div class=\"fusion-rollover-sep\"><\/div>\n\t\t\t\t\n\t\t\t\t\t\t\t\t\t\t\t\t\t\t\t\t\t\t<a class=\"fusion-rollover-gallery\" href=\"https:\/\/i0.wp.com\/www.city-magazin.at\/wp-content\/uploads\/2024\/09\/2024-09-Steyrdorfladen-1.png?fit=750%2C422&ssl=1\" data-id=\"6554\" data-rel=\"iLightbox[gallery]\" data-title=\"2024-09-Steyrdorfladen 1\" data-caption=\"GUT SORTIERT. Der Gro\u00dfteil der Waren stammt aus der Region.\">\n\t\t\t\t\t\tGallery\t\t\t\t\t<\/a>\n\t\t\t\t\t\t\t\t\t\t\t\t\t\t\n\t\t\t\t\n\t\t\t\t\t\t\t\t\t\t\t\t<h4 class=\"fusion-rollover-title\">\n\t\t\t\t\t<a href=\"https:\/\/www.city-magazin.at\/index.php\/helden-der-nahversorgung\/\">\n\t\t\t\t\t\tHelden der Nahversorgung\t\t\t\t\t<\/a>\n\t\t\t\t<\/h4>\n\t\t\t\n\t\t\t\t\t\t\t\t\t\t\t\t\t\t<div class=\"fusion-rollover-categories\"><a href=\"https:\/\/www.city-magazin.at\/index.php\/category\/allgemein\/\" rel=\"tag\">Allgemein<\/a>, <a href=\"https:\/\/www.city-magazin.at\/index.php\/category\/archiv\/\" rel=\"tag\">Archiv<\/a>, <a href=\"https:\/\/www.city-magazin.at\/index.php\/category\/leute\/\" rel=\"tag\">Leute<\/a>, <a href=\"https:\/\/www.city-magazin.at\/index.php\/category\/stadt\/\" rel=\"tag\">Stadt<\/a><\/div>\t\t\t\t\t\n\t\t\n\t\t\t\t<a class=\"fusion-link-wrapper\" href=\"https:\/\/www.city-magazin.at\/index.php\/helden-der-nahversorgung\/\" aria-label=\"Helden der Nahversorgung\"><\/a>\n\t<\/div>\n<\/div>\n\n\t\n<\/div>\n<\/li>\n\t\t\t\n\t\t\t\n\t\t\t\t\t\t\t\t\t\t\t\t\t\t\t\t\t\t\t\t\t\t\t\t\t\t\t\t\t\t\t\t\t\t\t\t\t\t\t\t\t\t\t\t\t\t\t\t\t\t\t\t\t\t\t\t\t\t\t\t\t\t\t\t\t\t\t\t<\/ul>\n\t<\/div>\n\t<div class=\"fusion-post-content-wrapper\" style=\"padding:30px 25px 20px 25px;\"><div class=\"fusion-post-content post-content\"><h2 class=\"blog-shortcode-post-title entry-title\"><a href=\"https:\/\/www.city-magazin.at\/index.php\/helden-der-nahversorgung\/\">Helden der Nahversorgung<\/a><\/h2><div class=\"fusion-post-content-container\"><p><p>    Freiwillige f\u00fchren einen gut sortierten \u00d6kolebensmittel-Laden in Steyrdorf.   Das Problem kennt man vielerorts: Auch im Steyrer Stadtteil Steyrdorf sperrte das letzte Lebensmittelgesch\u00e4ft vor 10 Jahren zu. Zu Fu\u00df war der n\u00e4chste entsprechende Laden 10 Minuten entfernt, wobei es auch eine Busverbindung gab. <\/p>\n<\/p><\/div><\/div><\/div><div class=\"fusion-clearfix\"><\/div><\/div>\n<\/article>\n<div class=\"fusion-clearfix\"><\/div><\/div><\/div><div class=\"fusion-clearfix\"><\/div>\n\n\t\t\t\t\t<\/div>\n\t\t\t\t<\/div><\/div><\/div>\n","protected":false},"excerpt":{"rendered":"<p>yes<\/p>\n","protected":false},"author":4,"featured_media":0,"parent":0,"menu_order":0,"comment_status":"closed","ping_status":"closed","template":"","meta":{"jetpack_post_was_ever_published":false,"footnotes":""},"class_list":["post-2293","page","type-page","status-publish","hentry"],"jetpack_shortlink":"https:\/\/wp.me\/P7QK0n-AZ","jetpack_sharing_enabled":true,"_links":{"self":[{"href":"https:\/\/www.city-magazin.at\/index.php\/wp-json\/wp\/v2\/pages\/2293","targetHints":{"allow":["GET"]}}],"collection":[{"href":"https:\/\/www.city-magazin.at\/index.php\/wp-json\/wp\/v2\/pages"}],"about":[{"href":"https:\/\/www.city-magazin.at\/index.php\/wp-json\/wp\/v2\/types\/page"}],"author":[{"embeddable":true,"href":"https:\/\/www.city-magazin.at\/index.php\/wp-json\/wp\/v2\/users\/4"}],"replies":[{"embeddable":true,"href":"https:\/\/www.city-magazin.at\/index.php\/wp-json\/wp\/v2\/comments?post=2293"}],"version-history":[{"count":17,"href":"https:\/\/www.city-magazin.at\/index.php\/wp-json\/wp\/v2\/pages\/2293\/revisions"}],"predecessor-version":[{"id":6123,"href":"https:\/\/www.city-magazin.at\/index.php\/wp-json\/wp\/v2\/pages\/2293\/revisions\/6123"}],"wp:attachment":[{"href":"https:\/\/www.city-magazin.at\/index.php\/wp-json\/wp\/v2\/media?parent=2293"}],"curies":[{"name":"wp","href":"https:\/\/api.w.org\/{rel}","templated":true}]}}